{"id":1133,"date":"2026-03-04T13:23:54","date_gmt":"2026-03-04T12:23:54","guid":{"rendered":"https:\/\/cordaestudi.com\/projectes\/"},"modified":"2026-04-29T06:37:25","modified_gmt":"2026-04-29T04:37:25","slug":"projectes","status":"publish","type":"page","link":"https:\/\/cordaestudi.com\/ca\/projectes\/","title":{"rendered":"Projectes"},"content":{"rendered":"\t\t<div data-elementor-type=\"wp-page\" data-elementor-id=\"1133\" class=\"elementor elementor-1133 elementor-668\" data-elementor-post-type=\"page\">\n\t\t\t\t<div class=\"elementor-element elementor-element-177bef0 e-flex e-con-boxed e-con e-parent\" data-id=\"177bef0\" data-element_type=\"container\" data-settings=\"{&quot;jet_parallax_layout_list&quot;:[]}\">\n\t\t\t\t\t<div class=\"e-con-inner\">\n\t\t<div class=\"elementor-element elementor-element-f9babf5 e-con-full e-flex e-con e-child\" data-id=\"f9babf5\" data-element_type=\"container\" data-settings=\"{&quot;jet_parallax_layout_list&quot;:[]}\">\n\t\t\t\t<div class=\"elementor-element elementor-element-f99ad66 elementor-hidden-tablet elementor-hidden-mobile elementor-widget elementor-widget-jet-smart-filters-radio\" data-id=\"f99ad66\" data-element_type=\"widget\" data-widget_type=\"jet-smart-filters-radio.default\">\n\t\t\t\t<div class=\"elementor-widget-container\">\n\t\t\t\t\t<div class=\"jet-smart-filters-radio jet-filter \" data-indexer-rule=\"show\" data-show-counter=\"\" data-change-counter=\"always\"><div class=\"jet-radio-list\" data-query-type=\"plain_query\" data-query-var=\"p\" data-smart-filter=\"radio\" data-filter-id=\"671\" data-apply-type=\"mixed\" data-content-provider=\"jet-engine\" data-additional-providers=\"\" data-query-id=\"proyectos\" data-active-label=\"\" data-layout-options=\"{&quot;show_label&quot;:&quot;&quot;,&quot;display_options&quot;:{&quot;show_items_label&quot;:false,&quot;show_decorator&quot;:false,&quot;filter_image_size&quot;:&quot;full&quot;,&quot;show_counter&quot;:false}}\" data-query-var-suffix=\"\" data-apply-on=\"value\" data-predefined-value=\"363\"><form class=\"jet-radio-list-wrapper\"><fieldset><legend style=\"display:none;\">Filtro Proyectos Individual<\/legend><div class=\"jet-radio-list__row jet-filter-row\">\n\t\t<label class=\"jet-radio-list__item\" >\n\t\t<input\n\t\t\ttype=\"radio\"\n\t\t\tclass=\"jet-radio-list__input\"\n\t\t\tname=\"p\"\n\t\t\tvalue=\"1065\"\n\t\t\tdata-label=\"Pla Director Mas del Frare, N\u00edjar\"\n\t\t\t\t\t\taria-label=\"Pla Director Mas del Frare, N\u00edjar\"\n\t\t\t\t\t>\n\t\t<div class=\"jet-radio-list__button\">\n\t\t\t\t\t\t<span class=\"jet-radio-list__label\">Pla Director Mas del Frare, N\u00edjar<\/span>\n\t\t\t\t\t<\/div>\n\t<\/label>\n<\/div>\n<div class=\"jet-radio-list__row jet-filter-row\">\n\t\t<label class=\"jet-radio-list__item\" >\n\t\t<input\n\t\t\ttype=\"radio\"\n\t\t\tclass=\"jet-radio-list__input\"\n\t\t\tname=\"p\"\n\t\t\tvalue=\"1084\"\n\t\t\tdata-label=\"60 HABITATGES, MATAR\u00d3\"\n\t\t\t\t\t\taria-label=\"60 HABITATGES, MATAR\u00d3\"\n\t\t\t\t\t>\n\t\t<div class=\"jet-radio-list__button\">\n\t\t\t\t\t\t<span class=\"jet-radio-list__label\">60 HABITATGES, MATAR\u00d3<\/span>\n\t\t\t\t\t<\/div>\n\t<\/label>\n<\/div>\n<div class=\"jet-radio-list__row jet-filter-row\">\n\t\t<label class=\"jet-radio-list__item\" >\n\t\t<input\n\t\t\ttype=\"radio\"\n\t\t\tclass=\"jet-radio-list__input\"\n\t\t\tname=\"p\"\n\t\t\tvalue=\"1102\"\n\t\t\tdata-label=\"Regeneraci\u00f3 Urbana del Llavador, Eslida\"\n\t\t\t\t\t\taria-label=\"Regeneraci\u00f3 Urbana del Llavador, Eslida\"\n\t\t\t\t\t>\n\t\t<div class=\"jet-radio-list__button\">\n\t\t\t\t\t\t<span class=\"jet-radio-list__label\">Regeneraci\u00f3 Urbana del Llavador, Eslida<\/span>\n\t\t\t\t\t<\/div>\n\t<\/label>\n<\/div>\n<div class=\"jet-radio-list__row jet-filter-row\">\n\t\t<label class=\"jet-radio-list__item\" >\n\t\t<input\n\t\t\ttype=\"radio\"\n\t\t\tclass=\"jet-radio-list__input\"\n\t\t\tname=\"p\"\n\t\t\tvalue=\"1139\"\n\t\t\tdata-label=\"Regeneraci\u00f3 urbana de la Font del Mont\u00ed, Tales\"\n\t\t\t\t\t\taria-label=\"Regeneraci\u00f3 urbana de la Font del Mont\u00ed, Tales\"\n\t\t\t\t\t>\n\t\t<div class=\"jet-radio-list__button\">\n\t\t\t\t\t\t<span class=\"jet-radio-list__label\">Regeneraci\u00f3 urbana de la Font del Mont\u00ed, Tales<\/span>\n\t\t\t\t\t<\/div>\n\t<\/label>\n<\/div>\n<div class=\"jet-radio-list__row jet-filter-row\">\n\t\t<label class=\"jet-radio-list__item\" >\n\t\t<input\n\t\t\ttype=\"radio\"\n\t\t\tclass=\"jet-radio-list__input\"\n\t\t\tname=\"p\"\n\t\t\tvalue=\"1151\"\n\t\t\tdata-label=\"Regeneraci\u00f3n urbana de la Pla\u00e7a de L&#039;Assumpi\u00f3, La Vall D&#039;Uix\u00f3\"\n\t\t\t\t\t\taria-label=\"Regeneraci\u00f3n urbana de la Pla\u00e7a de L&#039;Assumpi\u00f3, La Vall D&#039;Uix\u00f3\"\n\t\t\t\t\t>\n\t\t<div class=\"jet-radio-list__button\">\n\t\t\t\t\t\t<span class=\"jet-radio-list__label\">Regeneraci\u00f3n urbana de la Pla\u00e7a de L&#039;Assumpi\u00f3, La Vall D&#039;Uix\u00f3<\/span>\n\t\t\t\t\t<\/div>\n\t<\/label>\n<\/div>\n<div class=\"jet-radio-list__row jet-filter-row\">\n\t\t<label class=\"jet-radio-list__item\" >\n\t\t<input\n\t\t\ttype=\"radio\"\n\t\t\tclass=\"jet-radio-list__input\"\n\t\t\tname=\"p\"\n\t\t\tvalue=\"1158\"\n\t\t\tdata-label=\"Passeig Litoral, Punta de l&#039;Hidalgo\"\n\t\t\t\t\t\taria-label=\"Passeig Litoral, Punta de l&#039;Hidalgo\"\n\t\t\t\t\t>\n\t\t<div class=\"jet-radio-list__button\">\n\t\t\t\t\t\t<span class=\"jet-radio-list__label\">Passeig Litoral, Punta de l&#039;Hidalgo<\/span>\n\t\t\t\t\t<\/div>\n\t<\/label>\n<\/div>\n<div class=\"jet-radio-list__row jet-filter-row\">\n\t\t<label class=\"jet-radio-list__item\" >\n\t\t<input\n\t\t\ttype=\"radio\"\n\t\t\tclass=\"jet-radio-list__input\"\n\t\t\tname=\"p\"\n\t\t\tvalue=\"1171\"\n\t\t\tdata-label=\"Piscina coberta, Casar de C\u00e0ceres\"\n\t\t\t\t\t\taria-label=\"Piscina coberta, Casar de C\u00e0ceres\"\n\t\t\t\t\t>\n\t\t<div class=\"jet-radio-list__button\">\n\t\t\t\t\t\t<span class=\"jet-radio-list__label\">Piscina coberta, Casar de C\u00e0ceres<\/span>\n\t\t\t\t\t<\/div>\n\t<\/label>\n<\/div>\n<div class=\"jet-radio-list__row jet-filter-row\">\n\t\t<label class=\"jet-radio-list__item\" >\n\t\t<input\n\t\t\ttype=\"radio\"\n\t\t\tclass=\"jet-radio-list__input\"\n\t\t\tname=\"p\"\n\t\t\tvalue=\"1185\"\n\t\t\tdata-label=\"Pla Director Esgl\u00e9sia del Convent de Sant Sebasti\u00e0, La Campana\"\n\t\t\t\t\t\taria-label=\"Pla Director Esgl\u00e9sia del Convent de Sant Sebasti\u00e0, La Campana\"\n\t\t\t\t\t>\n\t\t<div class=\"jet-radio-list__button\">\n\t\t\t\t\t\t<span class=\"jet-radio-list__label\">Pla Director Esgl\u00e9sia del Convent de Sant Sebasti\u00e0, La Campana<\/span>\n\t\t\t\t\t<\/div>\n\t<\/label>\n<\/div>\n<div class=\"jet-radio-list__row jet-filter-row\">\n\t\t<label class=\"jet-radio-list__item\" >\n\t\t<input\n\t\t\ttype=\"radio\"\n\t\t\tclass=\"jet-radio-list__input\"\n\t\t\tname=\"p\"\n\t\t\tvalue=\"1207\"\n\t\t\tdata-label=\"Reurbanitzaci\u00f3 de la Pla\u00e7a dels Bans, Salamanca\"\n\t\t\t\t\t\taria-label=\"Reurbanitzaci\u00f3 de la Pla\u00e7a dels Bans, Salamanca\"\n\t\t\t\t\t>\n\t\t<div class=\"jet-radio-list__button\">\n\t\t\t\t\t\t<span class=\"jet-radio-list__label\">Reurbanitzaci\u00f3 de la Pla\u00e7a dels Bans, Salamanca<\/span>\n\t\t\t\t\t<\/div>\n\t<\/label>\n<\/div>\n<div class=\"jet-radio-list__row jet-filter-row\">\n\t\t<label class=\"jet-radio-list__item\" >\n\t\t<input\n\t\t\ttype=\"radio\"\n\t\t\tclass=\"jet-radio-list__input\"\n\t\t\tname=\"p\"\n\t\t\tvalue=\"1219\"\n\t\t\tdata-label=\"Centre C\u00edvic, Ripollet\"\n\t\t\t\t\t\taria-label=\"Centre C\u00edvic, Ripollet\"\n\t\t\t\t\t>\n\t\t<div class=\"jet-radio-list__button\">\n\t\t\t\t\t\t<span class=\"jet-radio-list__label\">Centre C\u00edvic, Ripollet<\/span>\n\t\t\t\t\t<\/div>\n\t<\/label>\n<\/div>\n<\/fieldset><\/form><\/div>\n<\/div>\t\t\t\t<\/div>\n\t\t\t\t<\/div>\n\t\t\t\t<div class=\"elementor-element elementor-element-968c607 elementor-hidden-desktop elementor-hidden-laptop elementor-widget elementor-widget-jet-smart-filters-radio\" data-id=\"968c607\" data-element_type=\"widget\" data-widget_type=\"jet-smart-filters-radio.default\">\n\t\t\t\t<div class=\"elementor-widget-container\">\n\t\t\t\t\t<div class=\"jet-smart-filters-radio jet-filter \" data-indexer-rule=\"show\" data-show-counter=\"\" data-change-counter=\"always\"><div\n\tclass=\"jet-filter-items-dropdown\"\n\t>\n\t<div\n\t\tclass=\"jet-filter-items-dropdown__label\"\n\t\t\t>\n\t\tTria projecte\t<\/div>\n\n\t<div class=\"jet-filter-items-dropdown__body\">\n\t\t<div class=\"jet-radio-list\" data-query-type=\"plain_query\" data-query-var=\"p\" data-smart-filter=\"radio\" data-filter-id=\"671\" data-apply-type=\"mixed\" data-content-provider=\"jet-engine\" data-additional-providers=\"\" data-query-id=\"proyectos_mobile\" data-active-label=\"\" data-layout-options=\"{&quot;show_label&quot;:&quot;&quot;,&quot;display_options&quot;:{&quot;show_items_label&quot;:false,&quot;show_decorator&quot;:false,&quot;filter_image_size&quot;:&quot;full&quot;,&quot;show_counter&quot;:false}}\" data-query-var-suffix=\"\" data-apply-on=\"value\" data-predefined-value=\"363\"><form class=\"jet-radio-list-wrapper\"><fieldset><legend style=\"display:none;\">Filtro Proyectos Individual<\/legend><div class=\"jet-radio-list__row jet-filter-row\">\n\t\t<label class=\"jet-radio-list__item\" >\n\t\t<input\n\t\t\ttype=\"radio\"\n\t\t\tclass=\"jet-radio-list__input\"\n\t\t\tname=\"p\"\n\t\t\tvalue=\"1065\"\n\t\t\tdata-label=\"Pla Director Mas del Frare, N\u00edjar\"\n\t\t\t\t\t\taria-label=\"Pla Director Mas del Frare, N\u00edjar\"\n\t\t\t\t\t>\n\t\t<div class=\"jet-radio-list__button\">\n\t\t\t\t\t\t<span class=\"jet-radio-list__label\">Pla Director Mas del Frare, N\u00edjar<\/span>\n\t\t\t\t\t<\/div>\n\t<\/label>\n<\/div>\n<div class=\"jet-radio-list__row jet-filter-row\">\n\t\t<label class=\"jet-radio-list__item\" >\n\t\t<input\n\t\t\ttype=\"radio\"\n\t\t\tclass=\"jet-radio-list__input\"\n\t\t\tname=\"p\"\n\t\t\tvalue=\"1084\"\n\t\t\tdata-label=\"60 HABITATGES, MATAR\u00d3\"\n\t\t\t\t\t\taria-label=\"60 HABITATGES, MATAR\u00d3\"\n\t\t\t\t\t>\n\t\t<div class=\"jet-radio-list__button\">\n\t\t\t\t\t\t<span class=\"jet-radio-list__label\">60 HABITATGES, MATAR\u00d3<\/span>\n\t\t\t\t\t<\/div>\n\t<\/label>\n<\/div>\n<div class=\"jet-radio-list__row jet-filter-row\">\n\t\t<label class=\"jet-radio-list__item\" >\n\t\t<input\n\t\t\ttype=\"radio\"\n\t\t\tclass=\"jet-radio-list__input\"\n\t\t\tname=\"p\"\n\t\t\tvalue=\"1102\"\n\t\t\tdata-label=\"Regeneraci\u00f3 Urbana del Llavador, Eslida\"\n\t\t\t\t\t\taria-label=\"Regeneraci\u00f3 Urbana del Llavador, Eslida\"\n\t\t\t\t\t>\n\t\t<div class=\"jet-radio-list__button\">\n\t\t\t\t\t\t<span class=\"jet-radio-list__label\">Regeneraci\u00f3 Urbana del Llavador, Eslida<\/span>\n\t\t\t\t\t<\/div>\n\t<\/label>\n<\/div>\n<div class=\"jet-radio-list__row jet-filter-row\">\n\t\t<label class=\"jet-radio-list__item\" >\n\t\t<input\n\t\t\ttype=\"radio\"\n\t\t\tclass=\"jet-radio-list__input\"\n\t\t\tname=\"p\"\n\t\t\tvalue=\"1139\"\n\t\t\tdata-label=\"Regeneraci\u00f3 urbana de la Font del Mont\u00ed, Tales\"\n\t\t\t\t\t\taria-label=\"Regeneraci\u00f3 urbana de la Font del Mont\u00ed, Tales\"\n\t\t\t\t\t>\n\t\t<div class=\"jet-radio-list__button\">\n\t\t\t\t\t\t<span class=\"jet-radio-list__label\">Regeneraci\u00f3 urbana de la Font del Mont\u00ed, Tales<\/span>\n\t\t\t\t\t<\/div>\n\t<\/label>\n<\/div>\n<div class=\"jet-radio-list__row jet-filter-row\">\n\t\t<label class=\"jet-radio-list__item\" >\n\t\t<input\n\t\t\ttype=\"radio\"\n\t\t\tclass=\"jet-radio-list__input\"\n\t\t\tname=\"p\"\n\t\t\tvalue=\"1151\"\n\t\t\tdata-label=\"Regeneraci\u00f3n urbana de la Pla\u00e7a de L&#039;Assumpi\u00f3, La Vall D&#039;Uix\u00f3\"\n\t\t\t\t\t\taria-label=\"Regeneraci\u00f3n urbana de la Pla\u00e7a de L&#039;Assumpi\u00f3, La Vall D&#039;Uix\u00f3\"\n\t\t\t\t\t>\n\t\t<div class=\"jet-radio-list__button\">\n\t\t\t\t\t\t<span class=\"jet-radio-list__label\">Regeneraci\u00f3n urbana de la Pla\u00e7a de L&#039;Assumpi\u00f3, La Vall D&#039;Uix\u00f3<\/span>\n\t\t\t\t\t<\/div>\n\t<\/label>\n<\/div>\n<div class=\"jet-radio-list__row jet-filter-row\">\n\t\t<label class=\"jet-radio-list__item\" >\n\t\t<input\n\t\t\ttype=\"radio\"\n\t\t\tclass=\"jet-radio-list__input\"\n\t\t\tname=\"p\"\n\t\t\tvalue=\"1158\"\n\t\t\tdata-label=\"Passeig Litoral, Punta de l&#039;Hidalgo\"\n\t\t\t\t\t\taria-label=\"Passeig Litoral, Punta de l&#039;Hidalgo\"\n\t\t\t\t\t>\n\t\t<div class=\"jet-radio-list__button\">\n\t\t\t\t\t\t<span class=\"jet-radio-list__label\">Passeig Litoral, Punta de l&#039;Hidalgo<\/span>\n\t\t\t\t\t<\/div>\n\t<\/label>\n<\/div>\n<div class=\"jet-radio-list__row jet-filter-row\">\n\t\t<label class=\"jet-radio-list__item\" >\n\t\t<input\n\t\t\ttype=\"radio\"\n\t\t\tclass=\"jet-radio-list__input\"\n\t\t\tname=\"p\"\n\t\t\tvalue=\"1171\"\n\t\t\tdata-label=\"Piscina coberta, Casar de C\u00e0ceres\"\n\t\t\t\t\t\taria-label=\"Piscina coberta, Casar de C\u00e0ceres\"\n\t\t\t\t\t>\n\t\t<div class=\"jet-radio-list__button\">\n\t\t\t\t\t\t<span class=\"jet-radio-list__label\">Piscina coberta, Casar de C\u00e0ceres<\/span>\n\t\t\t\t\t<\/div>\n\t<\/label>\n<\/div>\n<div class=\"jet-radio-list__row jet-filter-row\">\n\t\t<label class=\"jet-radio-list__item\" >\n\t\t<input\n\t\t\ttype=\"radio\"\n\t\t\tclass=\"jet-radio-list__input\"\n\t\t\tname=\"p\"\n\t\t\tvalue=\"1185\"\n\t\t\tdata-label=\"Pla Director Esgl\u00e9sia del Convent de Sant Sebasti\u00e0, La Campana\"\n\t\t\t\t\t\taria-label=\"Pla Director Esgl\u00e9sia del Convent de Sant Sebasti\u00e0, La Campana\"\n\t\t\t\t\t>\n\t\t<div class=\"jet-radio-list__button\">\n\t\t\t\t\t\t<span class=\"jet-radio-list__label\">Pla Director Esgl\u00e9sia del Convent de Sant Sebasti\u00e0, La Campana<\/span>\n\t\t\t\t\t<\/div>\n\t<\/label>\n<\/div>\n<div class=\"jet-radio-list__row jet-filter-row\">\n\t\t<label class=\"jet-radio-list__item\" >\n\t\t<input\n\t\t\ttype=\"radio\"\n\t\t\tclass=\"jet-radio-list__input\"\n\t\t\tname=\"p\"\n\t\t\tvalue=\"1207\"\n\t\t\tdata-label=\"Reurbanitzaci\u00f3 de la Pla\u00e7a dels Bans, Salamanca\"\n\t\t\t\t\t\taria-label=\"Reurbanitzaci\u00f3 de la Pla\u00e7a dels Bans, Salamanca\"\n\t\t\t\t\t>\n\t\t<div class=\"jet-radio-list__button\">\n\t\t\t\t\t\t<span class=\"jet-radio-list__label\">Reurbanitzaci\u00f3 de la Pla\u00e7a dels Bans, Salamanca<\/span>\n\t\t\t\t\t<\/div>\n\t<\/label>\n<\/div>\n<div class=\"jet-radio-list__row jet-filter-row\">\n\t\t<label class=\"jet-radio-list__item\" >\n\t\t<input\n\t\t\ttype=\"radio\"\n\t\t\tclass=\"jet-radio-list__input\"\n\t\t\tname=\"p\"\n\t\t\tvalue=\"1219\"\n\t\t\tdata-label=\"Centre C\u00edvic, Ripollet\"\n\t\t\t\t\t\taria-label=\"Centre C\u00edvic, Ripollet\"\n\t\t\t\t\t>\n\t\t<div class=\"jet-radio-list__button\">\n\t\t\t\t\t\t<span class=\"jet-radio-list__label\">Centre C\u00edvic, Ripollet<\/span>\n\t\t\t\t\t<\/div>\n\t<\/label>\n<\/div>\n<\/fieldset><\/form><\/div>\n\n\t\t\t<\/div>\n<\/div>\n<\/div>\t\t\t\t<\/div>\n\t\t\t\t<\/div>\n\t\t\t\t<\/div>\n\t\t<div class=\"elementor-element elementor-element-f9d0c11 e-con-full e-flex e-con e-child\" data-id=\"f9d0c11\" data-element_type=\"container\" data-settings=\"{&quot;jet_parallax_layout_list&quot;:[]}\">\n\t\t\t\t<div class=\"elementor-element elementor-element-a5f332c elementor-widget__width-inherit project-slider elementor-hidden-tablet elementor-hidden-mobile elementor-widget elementor-widget-jet-listing-grid\" data-id=\"a5f332c\" data-element_type=\"widget\" id=\"proyectos\" data-settings=\"{&quot;columns&quot;:&quot;1&quot;}\" data-widget_type=\"jet-listing-grid.default\">\n\t\t\t\t\t<div class=\"jet-listing-grid jet-listing\"><div class=\"jet-listing-grid__items grid-col-desk-1 grid-col-tablet-1 grid-col-mobile-1 jet-listing-grid--713\" data-queried-id=\"1133|WP_Post\" data-nav=\"{&quot;enabled&quot;:false,&quot;type&quot;:null,&quot;more_el&quot;:null,&quot;query&quot;:[],&quot;widget_settings&quot;:{&quot;lisitng_id&quot;:713,&quot;posts_num&quot;:1,&quot;columns&quot;:1,&quot;columns_tablet&quot;:1,&quot;columns_mobile&quot;:1,&quot;column_min_width&quot;:240,&quot;column_min_width_tablet&quot;:240,&quot;column_min_width_mobile&quot;:240,&quot;inline_columns_css&quot;:false,&quot;is_archive_template&quot;:&quot;&quot;,&quot;post_status&quot;:[&quot;publish&quot;],&quot;use_random_posts_num&quot;:&quot;&quot;,&quot;max_posts_num&quot;:9,&quot;not_found_message&quot;:&quot;No data was found&quot;,&quot;is_masonry&quot;:false,&quot;equal_columns_height&quot;:&quot;&quot;,&quot;use_load_more&quot;:&quot;&quot;,&quot;load_more_id&quot;:&quot;&quot;,&quot;load_more_type&quot;:&quot;click&quot;,&quot;load_more_offset&quot;:{&quot;unit&quot;:&quot;px&quot;,&quot;size&quot;:0,&quot;sizes&quot;:[]},&quot;use_custom_post_types&quot;:&quot;&quot;,&quot;custom_post_types&quot;:[],&quot;hide_widget_if&quot;:&quot;&quot;,&quot;carousel_enabled&quot;:&quot;&quot;,&quot;slides_to_scroll&quot;:&quot;1&quot;,&quot;arrows&quot;:&quot;true&quot;,&quot;arrow_icon&quot;:&quot;fa fa-angle-left&quot;,&quot;dots&quot;:&quot;true&quot;,&quot;autoplay&quot;:&quot;true&quot;,&quot;pause_on_hover&quot;:&quot;true&quot;,&quot;autoplay_speed&quot;:5000,&quot;infinite&quot;:&quot;true&quot;,&quot;center_mode&quot;:&quot;&quot;,&quot;effect&quot;:&quot;slide&quot;,&quot;speed&quot;:500,&quot;inject_alternative_items&quot;:&quot;&quot;,&quot;injection_items&quot;:[{&quot;_id&quot;:&quot;596941e&quot;,&quot;item&quot;:&quot;683&quot;,&quot;inject_once&quot;:&quot;yes&quot;,&quot;static_item&quot;:&quot;yes&quot;}],&quot;scroll_slider_enabled&quot;:&quot;&quot;,&quot;scroll_slider_on&quot;:[&quot;desktop&quot;,&quot;tablet&quot;,&quot;mobile&quot;],&quot;custom_query&quot;:false,&quot;custom_query_id&quot;:&quot;&quot;,&quot;_element_id&quot;:&quot;proyectos&quot;,&quot;collapse_first_last_gap&quot;:false,&quot;list_tag_selection&quot;:&quot;&quot;,&quot;list_items_wrapper_tag&quot;:&quot;div&quot;,&quot;list_item_tag&quot;:&quot;div&quot;,&quot;empty_items_wrapper_tag&quot;:&quot;div&quot;}}\" data-page=\"1\" data-pages=\"10\" data-listing-source=\"posts\" data-listing-id=\"713\" data-query-id=\"\"><div class=\"jet-listing-grid__item jet-listing-dynamic-post-1065\" data-post-id=\"1065\"  >\t\t<div data-elementor-type=\"jet-listing-items\" data-elementor-id=\"713\" class=\"elementor elementor-713\" data-elementor-post-type=\"jet-engine\">\n\t\t\t\t<div class=\"elementor-element elementor-element-1d57be5 e-con-full e-flex e-con e-parent\" data-id=\"1d57be5\" data-element_type=\"container\" data-settings=\"{&quot;jet_parallax_layout_list&quot;:[]}\">\n\t\t\t\t<div class=\"elementor-element elementor-element-54d980e elementor-widget elementor-widget-jet-listing-grid\" data-id=\"54d980e\" data-element_type=\"widget\" data-settings=\"{&quot;columns&quot;:&quot;1&quot;}\" data-widget_type=\"jet-listing-grid.default\">\n\t\t\t\t\t<div class=\"jet-listing-grid jet-listing\"><div class=\"jet-listing-grid__slider\" data-slider_options=\"{&quot;autoplaySpeed&quot;:5000,&quot;autoplay&quot;:false,&quot;pauseOnHover&quot;:true,&quot;infinite&quot;:true,&quot;centerMode&quot;:false,&quot;speed&quot;:500,&quot;arrows&quot;:true,&quot;dots&quot;:true,&quot;slidesToScroll&quot;:1,&quot;prevArrow&quot;:&quot;&lt;div class=&#039;jet-listing-grid__slider-icon prev-arrow &#039; role=&#039;button&#039; aria-label=&#039;Previous&#039;&gt;&lt;svg width=&#039;180&#039; height=&#039;180&#039; viewBox=&#039;0 0 180 180&#039; fill=&#039;none&#039; xmlns=&#039;http:\\\/\\\/www.w3.org\\\/2000\\\/svg&#039;&gt;&lt;path d=&#039;M119 47.3166C119 48.185 118.668 48.9532 118.003 49.6212L78.8385 89L118.003 128.379C118.668 129.047 119 129.815 119 130.683C119 131.552 118.668 132.32 118.003 132.988L113.021 137.998C112.356 138.666 111.592 139 110.729 139C109.865 139 109.101 138.666 108.436 137.998L61.9966 91.3046C61.3322 90.6366 61 89.8684 61 89C61 88.1316 61.3322 87.3634 61.9966 86.6954L108.436 40.002C109.101 39.334 109.865 39 110.729 39C111.592 39 112.356 39.334 113.021 40.002L118.003 45.012C118.668 45.68 119 46.4482 119 47.3166Z&#039; fill=&#039;black&#039;\\\/&gt;&lt;\\\/svg&gt;&lt;\\\/div&gt;&quot;,&quot;nextArrow&quot;:&quot;&lt;div class=&#039;jet-listing-grid__slider-icon next-arrow &#039; role=&#039;button&#039; aria-label=&#039;Next&#039;&gt;&lt;svg width=&#039;180&#039; height=&#039;180&#039; viewBox=&#039;0 0 180 180&#039; fill=&#039;none&#039; xmlns=&#039;http:\\\/\\\/www.w3.org\\\/2000\\\/svg&#039;&gt;&lt;path d=&#039;M119 47.3166C119 48.185 118.668 48.9532 118.003 49.6212L78.8385 89L118.003 128.379C118.668 129.047 119 129.815 119 130.683C119 131.552 118.668 132.32 118.003 132.988L113.021 137.998C112.356 138.666 111.592 139 110.729 139C109.865 139 109.101 138.666 108.436 137.998L61.9966 91.3046C61.3322 90.6366 61 89.8684 61 89C61 88.1316 61.3322 87.3634 61.9966 86.6954L108.436 40.002C109.101 39.334 109.865 39 110.729 39C111.592 39 112.356 39.334 113.021 40.002L118.003 45.012C118.668 45.68 119 46.4482 119 47.3166Z&#039; fill=&#039;black&#039;\\\/&gt;&lt;\\\/svg&gt;&lt;\\\/div&gt;&quot;,&quot;rtl&quot;:false,&quot;itemsCount&quot;:8,&quot;fade&quot;:false,&quot;slidesToShow&quot;:{&quot;desktop&quot;:1,&quot;tablet&quot;:1,&quot;mobile&quot;:1}}\" dir=\"ltr\"><div class=\"jet-listing-grid__items grid-col-desk-1 grid-col-tablet-1 grid-col-mobile-1 jet-listing-grid--665 jet-equal-columns__wrapper grid-collapse-gap\" data-queried-id=\"1065|WP_Post\" data-nav=\"{&quot;enabled&quot;:false,&quot;type&quot;:null,&quot;more_el&quot;:null,&quot;query&quot;:[],&quot;widget_settings&quot;:{&quot;lisitng_id&quot;:665,&quot;posts_num&quot;:32,&quot;columns&quot;:1,&quot;columns_tablet&quot;:1,&quot;columns_mobile&quot;:1,&quot;column_min_width&quot;:240,&quot;column_min_width_tablet&quot;:240,&quot;column_min_width_mobile&quot;:240,&quot;inline_columns_css&quot;:false,&quot;is_archive_template&quot;:&quot;&quot;,&quot;post_status&quot;:[&quot;publish&quot;],&quot;use_random_posts_num&quot;:&quot;&quot;,&quot;max_posts_num&quot;:9,&quot;not_found_message&quot;:&quot;No data was found&quot;,&quot;is_masonry&quot;:false,&quot;equal_columns_height&quot;:&quot;yes&quot;,&quot;use_load_more&quot;:&quot;&quot;,&quot;load_more_id&quot;:&quot;&quot;,&quot;load_more_type&quot;:&quot;click&quot;,&quot;load_more_offset&quot;:{&quot;unit&quot;:&quot;px&quot;,&quot;size&quot;:0,&quot;sizes&quot;:[]},&quot;use_custom_post_types&quot;:&quot;&quot;,&quot;custom_post_types&quot;:[&quot;proyecto&quot;],&quot;hide_widget_if&quot;:&quot;&quot;,&quot;carousel_enabled&quot;:&quot;yes&quot;,&quot;slides_to_scroll&quot;:&quot;1&quot;,&quot;arrows&quot;:&quot;true&quot;,&quot;arrow_icon&quot;:&quot;fa fa-angle-left&quot;,&quot;dots&quot;:&quot;true&quot;,&quot;autoplay&quot;:&quot;true&quot;,&quot;pause_on_hover&quot;:&quot;true&quot;,&quot;autoplay_speed&quot;:5000,&quot;infinite&quot;:&quot;true&quot;,&quot;center_mode&quot;:&quot;&quot;,&quot;effect&quot;:&quot;slide&quot;,&quot;speed&quot;:500,&quot;inject_alternative_items&quot;:&quot;yes&quot;,&quot;injection_items&quot;:[{&quot;_id&quot;:&quot;b98fc80&quot;,&quot;item&quot;:&quot;661&quot;,&quot;inject_once&quot;:&quot;yes&quot;,&quot;static_item&quot;:&quot;yes&quot;}],&quot;scroll_slider_enabled&quot;:&quot;&quot;,&quot;scroll_slider_on&quot;:[&quot;desktop&quot;,&quot;tablet&quot;,&quot;mobile&quot;],&quot;custom_query&quot;:false,&quot;custom_query_id&quot;:&quot;&quot;,&quot;_element_id&quot;:&quot;&quot;,&quot;collapse_first_last_gap&quot;:&quot;true&quot;,&quot;list_tag_selection&quot;:&quot;&quot;,&quot;list_items_wrapper_tag&quot;:&quot;div&quot;,&quot;list_item_tag&quot;:&quot;div&quot;,&quot;empty_items_wrapper_tag&quot;:&quot;div&quot;}}\" data-page=\"1\" data-pages=\"1\" data-listing-source=\"repeater\" data-listing-id=\"665\" data-query-id=\"\"><div class=\"jet-listing-grid__item jet-listing-dynamic-post-1065 jet-equal-columns\" data-post-id=\"1065\"  >\t\t<div data-elementor-type=\"jet-listing-items\" data-elementor-id=\"665\" class=\"elementor elementor-665\" data-elementor-post-type=\"jet-engine\">\n\t\t\t\t<div class=\"elementor-element elementor-element-62bcb29 e-con-full e-flex e-con e-parent\" data-id=\"62bcb29\" data-element_type=\"container\" data-settings=\"{&quot;jet_parallax_layout_list&quot;:[]}\">\n\t\t\t\t<div class=\"elementor-element elementor-element-f75758f elementor-widget__width-inherit elementor-absolute elementor-hidden-tablet elementor-hidden-mobile elementor-widget elementor-widget-jet-listing-dynamic-image\" data-id=\"f75758f\" data-element_type=\"widget\" data-settings=\"{&quot;_position&quot;:&quot;absolute&quot;}\" data-widget_type=\"jet-listing-dynamic-image.default\">\n\t\t\t\t\t<div class=\"jet-listing jet-listing-dynamic-image\" ><img fetchpriority=\"high\" decoding=\"async\" width=\"1095\" height=\"800\" src=\"https:\/\/cordaestudi.com\/wp-content\/uploads\/2025\/07\/cortijodelfraile_01.jpg\" class=\"jet-listing-dynamic-image__img attachment-full size-full\" alt=\"Pla Director Mas del Frare, N\u00edjar\" srcset=\"https:\/\/cordaestudi.com\/wp-content\/uploads\/2025\/07\/cortijodelfraile_01.jpg 1095w, https:\/\/cordaestudi.com\/wp-content\/uploads\/2025\/07\/cortijodelfraile_01-300x219.jpg 300w, https:\/\/cordaestudi.com\/wp-content\/uploads\/2025\/07\/cortijodelfraile_01-1024x748.jpg 1024w, https:\/\/cordaestudi.com\/wp-content\/uploads\/2025\/07\/cortijodelfraile_01-768x561.jpg 768w\" sizes=\"(max-width: 1095px) 100vw, 1095px\" loading=\"eager\" \/><\/div>\t\t\t\t<\/div>\n\t\t\t\t<div class=\"elementor-element elementor-element-bd25c76 elementor-widget__width-inherit elementor-hidden-desktop elementor-hidden-laptop elementor-widget elementor-widget-jet-listing-dynamic-image\" data-id=\"bd25c76\" data-element_type=\"widget\" data-widget_type=\"jet-listing-dynamic-image.default\">\n\t\t\t\t\t<div class=\"jet-listing jet-listing-dynamic-image\" ><img fetchpriority=\"high\" decoding=\"async\" width=\"1095\" height=\"800\" src=\"https:\/\/cordaestudi.com\/wp-content\/uploads\/2025\/07\/cortijodelfraile_01.jpg\" class=\"jet-listing-dynamic-image__img attachment-full size-full\" alt=\"Pla Director Mas del Frare, N\u00edjar\" srcset=\"https:\/\/cordaestudi.com\/wp-content\/uploads\/2025\/07\/cortijodelfraile_01.jpg 1095w, https:\/\/cordaestudi.com\/wp-content\/uploads\/2025\/07\/cortijodelfraile_01-300x219.jpg 300w, https:\/\/cordaestudi.com\/wp-content\/uploads\/2025\/07\/cortijodelfraile_01-1024x748.jpg 1024w, https:\/\/cordaestudi.com\/wp-content\/uploads\/2025\/07\/cortijodelfraile_01-768x561.jpg 768w\" sizes=\"(max-width: 1095px) 100vw, 1095px\" loading=\"eager\" \/><\/div>\t\t\t\t<\/div>\n\t\t\t\t<\/div>\n\t\t\t\t<\/div>\n\t\t<\/div><div class=\"jet-listing-grid__item jet-listing-dynamic-post-1065 jet-equal-columns\" data-post-id=\"1065\" ><style>.elementor-661 .elementor-element.elementor-element-e742cfa{--display:flex;--flex-direction:column;--container-widget-width:calc( ( 1 - var( --container-widget-flex-grow ) ) * 100% );--container-widget-height:initial;--container-widget-flex-grow:0;--container-widget-align-self:initial;--flex-wrap-mobile:wrap;--justify-content:flex-start;--align-items:flex-start;--gap:30px 30px;--row-gap:30px;--column-gap:30px;--padding-top:0px;--padding-bottom:0px;--padding-left:0px;--padding-right:0px;}.elementor-661 .elementor-element.elementor-element-bb08857 .elementor-heading-title{font-family:\"Jekaterina\", Sans-serif;font-size:46px;font-weight:400;text-transform:none;line-height:1em;color:var( --e-global-color-6b4fcca );}.elementor-661 .elementor-element.elementor-element-b475275{text-align:left;}.elementor-661 .elementor-element.elementor-element-b475275 .elementor-heading-title{font-family:\"Work Sans\", Sans-serif;font-size:19px;font-weight:400;line-height:1.4em;color:var( --e-global-color-6b4fcca );}.elementor-661 .elementor-element.elementor-element-894530b{--display:flex;--min-height:3px;--margin-top:0px;--margin-bottom:0px;--margin-left:0px;--margin-right:0px;--padding-top:0px;--padding-bottom:0px;--padding-left:0px;--padding-right:0px;}.elementor-661 .elementor-element.elementor-element-894530b:not(.elementor-motion-effects-element-type-background), .elementor-661 .elementor-element.elementor-element-894530b > .elementor-motion-effects-container > .elementor-motion-effects-layer{background-image:url(\"https:\/\/cordaestudi.com\/wp-content\/uploads\/2026\/03\/linea-discontinua.svg\");background-position:center left;background-repeat:no-repeat;background-size:auto;}.elementor-661 .elementor-element.elementor-element-5acc12f{--display:flex;--gap:10px 5px;--row-gap:10px;--column-gap:5px;--margin-top:0px;--margin-bottom:0px;--margin-left:0px;--margin-right:0px;--padding-top:0px;--padding-bottom:0px;--padding-left:0px;--padding-right:0px;}.elementor-661 .elementor-element.elementor-element-e61f54f{text-align:left;}.elementor-661 .elementor-element.elementor-element-e61f54f .elementor-heading-title{font-family:\"Work Sans\", Sans-serif;font-size:17px;font-weight:300;line-height:1.4em;color:var( --e-global-color-6b4fcca );}.elementor-661 .elementor-element.elementor-element-1525bf9{text-align:left;}.elementor-661 .elementor-element.elementor-element-1525bf9 .elementor-heading-title{font-family:\"Work Sans\", Sans-serif;font-size:17px;font-weight:300;line-height:1.4em;color:var( --e-global-color-6b4fcca );}.elementor-661 .elementor-element.elementor-element-fb6804e{text-align:left;}.elementor-661 .elementor-element.elementor-element-fb6804e .elementor-heading-title{font-family:\"Work Sans\", Sans-serif;font-size:17px;font-weight:300;line-height:1.4em;color:var( --e-global-color-6b4fcca );}.elementor-661 .elementor-element.elementor-element-ee94a46{--display:flex;--justify-content:flex-start;--align-items:flex-start;--container-widget-width:calc( ( 1 - var( --container-widget-flex-grow ) ) * 100% );--gap:0px 0px;--row-gap:0px;--column-gap:0px;--margin-top:0px;--margin-bottom:0px;--margin-left:0px;--margin-right:0px;--padding-top:0px;--padding-bottom:0px;--padding-left:0px;--padding-right:0px;}.elementor-661 .elementor-element.elementor-element-6ed58fe .elementor-heading-title{font-family:\"Work Sans\", Sans-serif;font-size:30px;font-weight:300;line-height:1.4em;}.elementor-661 .elementor-element.elementor-element-ccbf309{text-align:left;font-family:\"Work Sans\", Sans-serif;font-size:17px;font-weight:300;line-height:1.4em;}.elementor-661 .elementor-element.elementor-element-ccbf309 p{margin-block-end:0px;}.elementor-661 .elementor-element.elementor-element-7917d70{--display:flex;--min-height:3px;--margin-top:0px;--margin-bottom:0px;--margin-left:0px;--margin-right:0px;--padding-top:0px;--padding-bottom:0px;--padding-left:0px;--padding-right:0px;}.elementor-661 .elementor-element.elementor-element-7917d70:not(.elementor-motion-effects-element-type-background), .elementor-661 .elementor-element.elementor-element-7917d70 > .elementor-motion-effects-container > .elementor-motion-effects-layer{background-image:url(\"https:\/\/cordaestudi.com\/wp-content\/uploads\/2026\/03\/linea-discontinua.svg\");background-position:center left;background-repeat:no-repeat;background-size:auto;}.elementor-661 .elementor-element.elementor-element-e786b59 .jet-listing-dynamic-field__content{color:var( --e-global-color-6b4fcca );font-family:\"Work Sans\", Sans-serif;font-size:15px;font-weight:300;line-height:1.3em;text-align:left;}.elementor-661 .elementor-element.elementor-element-e786b59 .jet-listing-dynamic-field .jet-listing-dynamic-field__inline-wrap{width:auto;}.elementor-661 .elementor-element.elementor-element-e786b59 .jet-listing-dynamic-field .jet-listing-dynamic-field__content{width:auto;}.elementor-661 .elementor-element.elementor-element-e786b59 .jet-listing-dynamic-field{justify-content:flex-start;}@media(max-width:1024px){.elementor-661 .elementor-element.elementor-element-bb08857 .elementor-heading-title{font-size:56px;}.elementor-661 .elementor-element.elementor-element-b475275 .elementor-heading-title{font-size:20px;}.elementor-661 .elementor-element.elementor-element-e61f54f .elementor-heading-title{font-size:20px;}.elementor-661 .elementor-element.elementor-element-1525bf9 .elementor-heading-title{font-size:20px;}.elementor-661 .elementor-element.elementor-element-fb6804e .elementor-heading-title{font-size:20px;}.elementor-661 .elementor-element.elementor-element-6ed58fe .elementor-heading-title{font-size:26px;}.elementor-661 .elementor-element.elementor-element-ccbf309{font-size:20px;}.elementor-661 .elementor-element.elementor-element-e786b59{padding:0px 0px 0px 0px;}.elementor-661 .elementor-element.elementor-element-e786b59 .jet-listing-dynamic-field__content{font-size:16px;}}@media(max-width:767px){.elementor-661 .elementor-element.elementor-element-bb08857 .elementor-heading-title{font-size:28px;line-height:1em;}.elementor-661 .elementor-element.elementor-element-b475275 .elementor-heading-title{font-size:24px;}.elementor-661 .elementor-element.elementor-element-e61f54f .elementor-heading-title{font-size:24px;}.elementor-661 .elementor-element.elementor-element-1525bf9 .elementor-heading-title{font-size:24px;}.elementor-661 .elementor-element.elementor-element-fb6804e .elementor-heading-title{font-size:24px;}.elementor-661 .elementor-element.elementor-element-ccbf309{font-size:24px;}}\/* Start custom CSS for container, class: .elementor-element-894530b *\/.elementor-661 .elementor-element.elementor-element-894530b {\n    max-width: 810px;\n}\/* End custom CSS *\/\n\/* Start custom CSS for container, class: .elementor-element-7917d70 *\/.elementor-661 .elementor-element.elementor-element-7917d70 {\n    max-width: 810px;\n}\/* End custom CSS *\/\n\/* Start Custom Fonts CSS *\/@font-face {\n\tfont-family: 'Jekaterina';\n\tfont-style: normal;\n\tfont-weight: normal;\n\tfont-display: auto;\n\tsrc: url('https:\/\/cordaestudi.com\/wp-content\/uploads\/2025\/07\/Jekaterina.woff2') format('woff2'),\n\t\turl('https:\/\/cordaestudi.com\/wp-content\/uploads\/2025\/07\/Jekaterina.woff') format('woff'),\n\t\turl('https:\/\/cordaestudi.com\/wp-content\/uploads\/2025\/07\/Jekaterina.ttf') format('truetype');\n}\n\/* End Custom Fonts CSS *\/<\/style>\t\t<div data-elementor-type=\"jet-listing-items\" data-elementor-id=\"661\" class=\"elementor elementor-661\" data-elementor-post-type=\"jet-engine\">\n\t\t\t\t<div class=\"elementor-element elementor-element-e742cfa e-con-full e-flex e-con e-parent\" data-id=\"e742cfa\" data-element_type=\"container\" data-settings=\"{&quot;jet_parallax_layout_list&quot;:[]}\">\n\t\t\t\t<div class=\"elementor-element elementor-element-bb08857 elementor-widget elementor-widget-heading\" data-id=\"bb08857\" data-element_type=\"widget\" data-widget_type=\"heading.default\">\n\t\t\t\t\t<h2 class=\"elementor-heading-title elementor-size-default\">Pla Director Mas del Frare, N\u00edjar<\/h2>\t\t\t\t<\/div>\n\t\t\t\t<div class=\"elementor-element elementor-element-b475275 elementor-widget elementor-widget-heading\" data-id=\"b475275\" data-element_type=\"widget\" data-widget_type=\"heading.default\">\n\t\t\t\t\t<div class=\"elementor-heading-title elementor-size-default\">Projecte de posada en valor patrimonial, paisatg\u00edstica i hist\u00f2rica d'un dels mass m\u00e9s emblem\u00e0tics d'Almeria.<\/div>\t\t\t\t<\/div>\n\t\t<div class=\"elementor-element elementor-element-894530b e-con-full e-flex e-con e-child\" data-id=\"894530b\" data-element_type=\"container\" data-settings=\"{&quot;background_background&quot;:&quot;classic&quot;,&quot;jet_parallax_layout_list&quot;:[]}\">\n\t\t\t\t<\/div>\n\t\t<div class=\"elementor-element elementor-element-5acc12f e-con-full e-flex e-con e-child\" data-id=\"5acc12f\" data-element_type=\"container\" data-settings=\"{&quot;jet_parallax_layout_list&quot;:[]}\">\n\t\t\t\t<div class=\"elementor-element elementor-element-e61f54f elementor-widget elementor-widget-heading\" data-id=\"e61f54f\" data-element_type=\"widget\" data-widget_type=\"heading.default\">\n\t\t\t\t\t<div class=\"elementor-heading-title elementor-size-default\">N\u00edjar, Almeria<\/div>\t\t\t\t<\/div>\n\t\t\t\t<div class=\"elementor-element elementor-element-1525bf9 elementor-widget elementor-widget-heading\" data-id=\"1525bf9\" data-element_type=\"widget\" data-widget_type=\"heading.default\">\n\t\t\t\t\t<div class=\"elementor-heading-title elementor-size-default\">Diputaci\u00f3 d'Almeria - 2024<\/div>\t\t\t\t<\/div>\n\t\t<div class=\"elementor-element elementor-element-ee94a46 e-con-full e-flex e-con e-child\" data-id=\"ee94a46\" data-element_type=\"container\" data-settings=\"{&quot;jet_parallax_layout_list&quot;:[]}\">\n\t\t\t\t<div class=\"elementor-element elementor-element-6ed58fe elementor-hidden-desktop elementor-hidden-laptop elementor-hidden-tablet elementor-widget elementor-widget-heading\" data-id=\"6ed58fe\" data-element_type=\"widget\" data-widget_type=\"heading.default\">\n\t\t\t\t\t<h4 class=\"elementor-heading-title elementor-size-default\">Equipo<\/h4>\t\t\t\t<\/div>\n\t\t\t\t<\/div>\n\t\t\t\t<\/div>\n\t\t<div class=\"elementor-element elementor-element-7917d70 e-con-full e-flex e-con e-child\" data-id=\"7917d70\" data-element_type=\"container\" data-settings=\"{&quot;background_background&quot;:&quot;classic&quot;,&quot;jet_parallax_layout_list&quot;:[]}\">\n\t\t\t\t<\/div>\n\t\t\t\t<div class=\"elementor-element elementor-element-e786b59 elementor-widget elementor-widget-jet-listing-dynamic-field\" data-id=\"e786b59\" data-element_type=\"widget\" data-widget_type=\"jet-listing-dynamic-field.default\">\n\t\t\t\t\t<div class=\"jet-listing jet-listing-dynamic-field display-inline\"><div class=\"jet-listing-dynamic-field__inline-wrap\"><div class=\"jet-listing-dynamic-field__content\">\n<p>A la conca del Hornillo, dins el terme municipal de N\u00edjar, hi ha un dels mas m\u00e9s significatius de tota la prov\u00edncia d&#8217;Almeria pel seu simbolisme, hist\u00f2ria i valors. El Cortijo del Fraile est\u00e0 envoltat de turons i situat al costat de la canyada del mateix nom, en un paisatge \u00e0rid de terres volc\u00e0niques marcat per l&#8217;antiga activitat minera vinculada a l&#8217;explotaci\u00f3 d&#8217;or a Rodalquilar. <\/p>\n\n<p><br\/>Aquest mas, de grans dimensions, destaca per la singularitat, la fa\u00e7ana sud-oest ic\u00f2nica i la construcci\u00f3 planificada al servei d&#8217;una gran propietat agr\u00edcola. El conjunt inclou espais residencials i productius, amb estades per a treballadors, corrals, graners i aljubs. M\u00e9s enll\u00e0 del seu valor arquitect\u00f2nic, el lloc \u00e9s conegut per ser escenari del Crim de N\u00edjar de 1928, font d&#8217;inspiraci\u00f3 per a Carmen de Burgos (Punyal de Claveles) i Federico Garc\u00eda Lorca (Cases de Sang), aix\u00ed com escenari literari per a Juan Goytisolo (Camps de N\u00edjar).<\/p>\n\n<p><br\/>La Diputaci\u00f3 d&#8217;Almeria promou aquest Pla Director com a document ambici\u00f3s que busca preservar el conjunt i el seu entorn, dotant-lo d&#8217;un nou \u00fas cultural i patrimonial per a la ciutadania.<\/p>\n<\/div><\/div><\/div>\t\t\t\t<\/div>\n\t\t\t\t<\/div>\n\t\t\t\t<\/div>\n\t\t<\/div><div class=\"jet-listing-grid__item jet-listing-dynamic-post-1065 jet-equal-columns\" data-post-id=\"1065\"  >\t\t<div data-elementor-type=\"jet-listing-items\" data-elementor-id=\"665\" class=\"elementor elementor-665\" data-elementor-post-type=\"jet-engine\">\n\t\t\t\t<div class=\"elementor-element elementor-element-62bcb29 e-con-full e-flex e-con e-parent\" data-id=\"62bcb29\" data-element_type=\"container\" data-settings=\"{&quot;jet_parallax_layout_list&quot;:[]}\">\n\t\t\t\t<div class=\"elementor-element elementor-element-f75758f elementor-widget__width-inherit elementor-absolute elementor-hidden-tablet elementor-hidden-mobile elementor-widget elementor-widget-jet-listing-dynamic-image\" data-id=\"f75758f\" data-element_type=\"widget\" data-settings=\"{&quot;_position&quot;:&quot;absolute&quot;}\" data-widget_type=\"jet-listing-dynamic-image.default\">\n\t\t\t\t\t<div class=\"jet-listing jet-listing-dynamic-image\" ><img decoding=\"async\" width=\"1095\" height=\"800\" src=\"https:\/\/cordaestudi.com\/wp-content\/uploads\/2025\/07\/cortijodelfraile_02.jpg\" class=\"jet-listing-dynamic-image__img attachment-full size-full\" alt=\"Pla Director Mas del Frare, N\u00edjar\" srcset=\"https:\/\/cordaestudi.com\/wp-content\/uploads\/2025\/07\/cortijodelfraile_02.jpg 1095w, https:\/\/cordaestudi.com\/wp-content\/uploads\/2025\/07\/cortijodelfraile_02-300x219.jpg 300w, https:\/\/cordaestudi.com\/wp-content\/uploads\/2025\/07\/cortijodelfraile_02-1024x748.jpg 1024w, https:\/\/cordaestudi.com\/wp-content\/uploads\/2025\/07\/cortijodelfraile_02-768x561.jpg 768w\" sizes=\"(max-width: 1095px) 100vw, 1095px\" loading=\"eager\" \/><\/div>\t\t\t\t<\/div>\n\t\t\t\t<div class=\"elementor-element elementor-element-bd25c76 elementor-widget__width-inherit elementor-hidden-desktop elementor-hidden-laptop elementor-widget elementor-widget-jet-listing-dynamic-image\" data-id=\"bd25c76\" data-element_type=\"widget\" data-widget_type=\"jet-listing-dynamic-image.default\">\n\t\t\t\t\t<div class=\"jet-listing jet-listing-dynamic-image\" ><img decoding=\"async\" width=\"1095\" height=\"800\" src=\"https:\/\/cordaestudi.com\/wp-content\/uploads\/2025\/07\/cortijodelfraile_02.jpg\" class=\"jet-listing-dynamic-image__img attachment-full size-full\" alt=\"Pla Director Mas del Frare, N\u00edjar\" srcset=\"https:\/\/cordaestudi.com\/wp-content\/uploads\/2025\/07\/cortijodelfraile_02.jpg 1095w, https:\/\/cordaestudi.com\/wp-content\/uploads\/2025\/07\/cortijodelfraile_02-300x219.jpg 300w, https:\/\/cordaestudi.com\/wp-content\/uploads\/2025\/07\/cortijodelfraile_02-1024x748.jpg 1024w, https:\/\/cordaestudi.com\/wp-content\/uploads\/2025\/07\/cortijodelfraile_02-768x561.jpg 768w\" sizes=\"(max-width: 1095px) 100vw, 1095px\" loading=\"eager\" \/><\/div>\t\t\t\t<\/div>\n\t\t\t\t<\/div>\n\t\t\t\t<\/div>\n\t\t<\/div><div class=\"jet-listing-grid__item jet-listing-dynamic-post-1065 jet-equal-columns\" data-post-id=\"1065\"  >\t\t<div data-elementor-type=\"jet-listing-items\" data-elementor-id=\"665\" class=\"elementor elementor-665\" data-elementor-post-type=\"jet-engine\">\n\t\t\t\t<div class=\"elementor-element elementor-element-62bcb29 e-con-full e-flex e-con e-parent\" data-id=\"62bcb29\" data-element_type=\"container\" data-settings=\"{&quot;jet_parallax_layout_list&quot;:[]}\">\n\t\t\t\t<div class=\"elementor-element elementor-element-f75758f elementor-widget__width-inherit elementor-absolute elementor-hidden-tablet elementor-hidden-mobile elementor-widget elementor-widget-jet-listing-dynamic-image\" data-id=\"f75758f\" data-element_type=\"widget\" data-settings=\"{&quot;_position&quot;:&quot;absolute&quot;}\" data-widget_type=\"jet-listing-dynamic-image.default\">\n\t\t\t\t\t<div class=\"jet-listing jet-listing-dynamic-image\" ><img decoding=\"async\" width=\"1095\" height=\"800\" src=\"https:\/\/cordaestudi.com\/wp-content\/uploads\/2025\/07\/cortijodelfraile_03.jpg\" class=\"jet-listing-dynamic-image__img attachment-full size-full\" alt=\"Pla Director Mas del Frare, N\u00edjar\" srcset=\"https:\/\/cordaestudi.com\/wp-content\/uploads\/2025\/07\/cortijodelfraile_03.jpg 1095w, https:\/\/cordaestudi.com\/wp-content\/uploads\/2025\/07\/cortijodelfraile_03-300x219.jpg 300w, https:\/\/cordaestudi.com\/wp-content\/uploads\/2025\/07\/cortijodelfraile_03-1024x748.jpg 1024w, https:\/\/cordaestudi.com\/wp-content\/uploads\/2025\/07\/cortijodelfraile_03-768x561.jpg 768w\" sizes=\"(max-width: 1095px) 100vw, 1095px\" loading=\"eager\" \/><\/div>\t\t\t\t<\/div>\n\t\t\t\t<div class=\"elementor-element elementor-element-bd25c76 elementor-widget__width-inherit elementor-hidden-desktop elementor-hidden-laptop elementor-widget elementor-widget-jet-listing-dynamic-image\" data-id=\"bd25c76\" data-element_type=\"widget\" data-widget_type=\"jet-listing-dynamic-image.default\">\n\t\t\t\t\t<div class=\"jet-listing jet-listing-dynamic-image\" ><img decoding=\"async\" width=\"1095\" height=\"800\" src=\"https:\/\/cordaestudi.com\/wp-content\/uploads\/2025\/07\/cortijodelfraile_03.jpg\" class=\"jet-listing-dynamic-image__img attachment-full size-full\" alt=\"Pla Director Mas del Frare, N\u00edjar\" srcset=\"https:\/\/cordaestudi.com\/wp-content\/uploads\/2025\/07\/cortijodelfraile_03.jpg 1095w, https:\/\/cordaestudi.com\/wp-content\/uploads\/2025\/07\/cortijodelfraile_03-300x219.jpg 300w, https:\/\/cordaestudi.com\/wp-content\/uploads\/2025\/07\/cortijodelfraile_03-1024x748.jpg 1024w, https:\/\/cordaestudi.com\/wp-content\/uploads\/2025\/07\/cortijodelfraile_03-768x561.jpg 768w\" sizes=\"(max-width: 1095px) 100vw, 1095px\" loading=\"eager\" \/><\/div>\t\t\t\t<\/div>\n\t\t\t\t<\/div>\n\t\t\t\t<\/div>\n\t\t<\/div><div class=\"jet-listing-grid__item jet-listing-dynamic-post-1065 jet-equal-columns\" data-post-id=\"1065\"  >\t\t<div data-elementor-type=\"jet-listing-items\" data-elementor-id=\"665\" class=\"elementor elementor-665\" data-elementor-post-type=\"jet-engine\">\n\t\t\t\t<div class=\"elementor-element elementor-element-62bcb29 e-con-full e-flex e-con e-parent\" data-id=\"62bcb29\" data-element_type=\"container\" data-settings=\"{&quot;jet_parallax_layout_list&quot;:[]}\">\n\t\t\t\t<div class=\"elementor-element elementor-element-f75758f elementor-widget__width-inherit elementor-absolute elementor-hidden-tablet elementor-hidden-mobile elementor-widget elementor-widget-jet-listing-dynamic-image\" data-id=\"f75758f\" data-element_type=\"widget\" data-settings=\"{&quot;_position&quot;:&quot;absolute&quot;}\" data-widget_type=\"jet-listing-dynamic-image.default\">\n\t\t\t\t\t<div class=\"jet-listing jet-listing-dynamic-image\" ><img decoding=\"async\" width=\"1095\" height=\"800\" src=\"https:\/\/cordaestudi.com\/wp-content\/uploads\/2025\/07\/cortijodelfraile_04.jpg\" class=\"jet-listing-dynamic-image__img attachment-full size-full\" alt=\"Pla Director Mas del Frare, N\u00edjar\" srcset=\"https:\/\/cordaestudi.com\/wp-content\/uploads\/2025\/07\/cortijodelfraile_04.jpg 1095w, https:\/\/cordaestudi.com\/wp-content\/uploads\/2025\/07\/cortijodelfraile_04-300x219.jpg 300w, https:\/\/cordaestudi.com\/wp-content\/uploads\/2025\/07\/cortijodelfraile_04-1024x748.jpg 1024w, https:\/\/cordaestudi.com\/wp-content\/uploads\/2025\/07\/cortijodelfraile_04-768x561.jpg 768w\" sizes=\"(max-width: 1095px) 100vw, 1095px\" loading=\"eager\" \/><\/div>\t\t\t\t<\/div>\n\t\t\t\t<div class=\"elementor-element elementor-element-bd25c76 elementor-widget__width-inherit elementor-hidden-desktop elementor-hidden-laptop elementor-widget elementor-widget-jet-listing-dynamic-image\" data-id=\"bd25c76\" data-element_type=\"widget\" data-widget_type=\"jet-listing-dynamic-image.default\">\n\t\t\t\t\t<div class=\"jet-listing jet-listing-dynamic-image\" ><img decoding=\"async\" width=\"1095\" height=\"800\" src=\"https:\/\/cordaestudi.com\/wp-content\/uploads\/2025\/07\/cortijodelfraile_04.jpg\" class=\"jet-listing-dynamic-image__img attachment-full size-full\" alt=\"Pla Director Mas del Frare, N\u00edjar\" srcset=\"https:\/\/cordaestudi.com\/wp-content\/uploads\/2025\/07\/cortijodelfraile_04.jpg 1095w, https:\/\/cordaestudi.com\/wp-content\/uploads\/2025\/07\/cortijodelfraile_04-300x219.jpg 300w, https:\/\/cordaestudi.com\/wp-content\/uploads\/2025\/07\/cortijodelfraile_04-1024x748.jpg 1024w, https:\/\/cordaestudi.com\/wp-content\/uploads\/2025\/07\/cortijodelfraile_04-768x561.jpg 768w\" sizes=\"(max-width: 1095px) 100vw, 1095px\" loading=\"eager\" \/><\/div>\t\t\t\t<\/div>\n\t\t\t\t<\/div>\n\t\t\t\t<\/div>\n\t\t<\/div><div class=\"jet-listing-grid__item jet-listing-dynamic-post-1065 jet-equal-columns\" data-post-id=\"1065\"  >\t\t<div data-elementor-type=\"jet-listing-items\" data-elementor-id=\"665\" class=\"elementor elementor-665\" data-elementor-post-type=\"jet-engine\">\n\t\t\t\t<div class=\"elementor-element elementor-element-62bcb29 e-con-full e-flex e-con e-parent\" data-id=\"62bcb29\" data-element_type=\"container\" data-settings=\"{&quot;jet_parallax_layout_list&quot;:[]}\">\n\t\t\t\t<div class=\"elementor-element elementor-element-f75758f elementor-widget__width-inherit elementor-absolute elementor-hidden-tablet elementor-hidden-mobile elementor-widget elementor-widget-jet-listing-dynamic-image\" data-id=\"f75758f\" data-element_type=\"widget\" data-settings=\"{&quot;_position&quot;:&quot;absolute&quot;}\" data-widget_type=\"jet-listing-dynamic-image.default\">\n\t\t\t\t\t<div class=\"jet-listing jet-listing-dynamic-image\" ><img decoding=\"async\" width=\"1095\" height=\"800\" src=\"https:\/\/cordaestudi.com\/wp-content\/uploads\/2025\/07\/cortijodelfraile_05.jpg\" class=\"jet-listing-dynamic-image__img attachment-full size-full\" alt=\"Pla Director Mas del Frare, N\u00edjar\" srcset=\"https:\/\/cordaestudi.com\/wp-content\/uploads\/2025\/07\/cortijodelfraile_05.jpg 1095w, https:\/\/cordaestudi.com\/wp-content\/uploads\/2025\/07\/cortijodelfraile_05-300x219.jpg 300w, https:\/\/cordaestudi.com\/wp-content\/uploads\/2025\/07\/cortijodelfraile_05-1024x748.jpg 1024w, https:\/\/cordaestudi.com\/wp-content\/uploads\/2025\/07\/cortijodelfraile_05-768x561.jpg 768w\" sizes=\"(max-width: 1095px) 100vw, 1095px\" loading=\"eager\" \/><\/div>\t\t\t\t<\/div>\n\t\t\t\t<div class=\"elementor-element elementor-element-bd25c76 elementor-widget__width-inherit elementor-hidden-desktop elementor-hidden-laptop elementor-widget elementor-widget-jet-listing-dynamic-image\" data-id=\"bd25c76\" data-element_type=\"widget\" data-widget_type=\"jet-listing-dynamic-image.default\">\n\t\t\t\t\t<div class=\"jet-listing jet-listing-dynamic-image\" ><img decoding=\"async\" width=\"1095\" height=\"800\" src=\"https:\/\/cordaestudi.com\/wp-content\/uploads\/2025\/07\/cortijodelfraile_05.jpg\" class=\"jet-listing-dynamic-image__img attachment-full size-full\" alt=\"Pla Director Mas del Frare, N\u00edjar\" srcset=\"https:\/\/cordaestudi.com\/wp-content\/uploads\/2025\/07\/cortijodelfraile_05.jpg 1095w, https:\/\/cordaestudi.com\/wp-content\/uploads\/2025\/07\/cortijodelfraile_05-300x219.jpg 300w, https:\/\/cordaestudi.com\/wp-content\/uploads\/2025\/07\/cortijodelfraile_05-1024x748.jpg 1024w, https:\/\/cordaestudi.com\/wp-content\/uploads\/2025\/07\/cortijodelfraile_05-768x561.jpg 768w\" sizes=\"(max-width: 1095px) 100vw, 1095px\" loading=\"eager\" \/><\/div>\t\t\t\t<\/div>\n\t\t\t\t<\/div>\n\t\t\t\t<\/div>\n\t\t<\/div><div class=\"jet-listing-grid__item jet-listing-dynamic-post-1065 jet-equal-columns\" data-post-id=\"1065\"  >\t\t<div data-elementor-type=\"jet-listing-items\" data-elementor-id=\"665\" class=\"elementor elementor-665\" data-elementor-post-type=\"jet-engine\">\n\t\t\t\t<div class=\"elementor-element elementor-element-62bcb29 e-con-full e-flex e-con e-parent\" data-id=\"62bcb29\" data-element_type=\"container\" data-settings=\"{&quot;jet_parallax_layout_list&quot;:[]}\">\n\t\t\t\t<div class=\"elementor-element elementor-element-f75758f elementor-widget__width-inherit elementor-absolute elementor-hidden-tablet elementor-hidden-mobile elementor-widget elementor-widget-jet-listing-dynamic-image\" data-id=\"f75758f\" data-element_type=\"widget\" data-settings=\"{&quot;_position&quot;:&quot;absolute&quot;}\" data-widget_type=\"jet-listing-dynamic-image.default\">\n\t\t\t\t\t<div class=\"jet-listing jet-listing-dynamic-image\" ><img decoding=\"async\" width=\"1095\" height=\"800\" src=\"https:\/\/cordaestudi.com\/wp-content\/uploads\/2025\/07\/cortijodelfraile_06.jpg\" class=\"jet-listing-dynamic-image__img attachment-full size-full\" alt=\"Pla Director Mas del Frare, N\u00edjar\" srcset=\"https:\/\/cordaestudi.com\/wp-content\/uploads\/2025\/07\/cortijodelfraile_06.jpg 1095w, https:\/\/cordaestudi.com\/wp-content\/uploads\/2025\/07\/cortijodelfraile_06-300x219.jpg 300w, https:\/\/cordaestudi.com\/wp-content\/uploads\/2025\/07\/cortijodelfraile_06-1024x748.jpg 1024w, https:\/\/cordaestudi.com\/wp-content\/uploads\/2025\/07\/cortijodelfraile_06-768x561.jpg 768w\" sizes=\"(max-width: 1095px) 100vw, 1095px\" loading=\"eager\" \/><\/div>\t\t\t\t<\/div>\n\t\t\t\t<div class=\"elementor-element elementor-element-bd25c76 elementor-widget__width-inherit elementor-hidden-desktop elementor-hidden-laptop elementor-widget elementor-widget-jet-listing-dynamic-image\" data-id=\"bd25c76\" data-element_type=\"widget\" data-widget_type=\"jet-listing-dynamic-image.default\">\n\t\t\t\t\t<div class=\"jet-listing jet-listing-dynamic-image\" ><img decoding=\"async\" width=\"1095\" height=\"800\" src=\"https:\/\/cordaestudi.com\/wp-content\/uploads\/2025\/07\/cortijodelfraile_06.jpg\" class=\"jet-listing-dynamic-image__img attachment-full size-full\" alt=\"Pla Director Mas del Frare, N\u00edjar\" srcset=\"https:\/\/cordaestudi.com\/wp-content\/uploads\/2025\/07\/cortijodelfraile_06.jpg 1095w, https:\/\/cordaestudi.com\/wp-content\/uploads\/2025\/07\/cortijodelfraile_06-300x219.jpg 300w, https:\/\/cordaestudi.com\/wp-content\/uploads\/2025\/07\/cortijodelfraile_06-1024x748.jpg 1024w, https:\/\/cordaestudi.com\/wp-content\/uploads\/2025\/07\/cortijodelfraile_06-768x561.jpg 768w\" sizes=\"(max-width: 1095px) 100vw, 1095px\" loading=\"eager\" \/><\/div>\t\t\t\t<\/div>\n\t\t\t\t<\/div>\n\t\t\t\t<\/div>\n\t\t<\/div><div class=\"jet-listing-grid__item jet-listing-dynamic-post-1065 jet-equal-columns\" data-post-id=\"1065\"  >\t\t<div data-elementor-type=\"jet-listing-items\" data-elementor-id=\"665\" class=\"elementor elementor-665\" data-elementor-post-type=\"jet-engine\">\n\t\t\t\t<div class=\"elementor-element elementor-element-62bcb29 e-con-full e-flex e-con e-parent\" data-id=\"62bcb29\" data-element_type=\"container\" data-settings=\"{&quot;jet_parallax_layout_list&quot;:[]}\">\n\t\t\t\t<div class=\"elementor-element elementor-element-f75758f elementor-widget__width-inherit elementor-absolute elementor-hidden-tablet elementor-hidden-mobile elementor-widget elementor-widget-jet-listing-dynamic-image\" data-id=\"f75758f\" data-element_type=\"widget\" data-settings=\"{&quot;_position&quot;:&quot;absolute&quot;}\" data-widget_type=\"jet-listing-dynamic-image.default\">\n\t\t\t\t\t<div class=\"jet-listing jet-listing-dynamic-image\" ><img decoding=\"async\" width=\"1095\" height=\"800\" src=\"https:\/\/cordaestudi.com\/wp-content\/uploads\/2025\/07\/cortijodelfraile_07.jpg\" class=\"jet-listing-dynamic-image__img attachment-full size-full\" alt=\"Pla Director Mas del Frare, N\u00edjar\" srcset=\"https:\/\/cordaestudi.com\/wp-content\/uploads\/2025\/07\/cortijodelfraile_07.jpg 1095w, https:\/\/cordaestudi.com\/wp-content\/uploads\/2025\/07\/cortijodelfraile_07-300x219.jpg 300w, https:\/\/cordaestudi.com\/wp-content\/uploads\/2025\/07\/cortijodelfraile_07-1024x748.jpg 1024w, https:\/\/cordaestudi.com\/wp-content\/uploads\/2025\/07\/cortijodelfraile_07-768x561.jpg 768w\" sizes=\"(max-width: 1095px) 100vw, 1095px\" loading=\"eager\" \/><\/div>\t\t\t\t<\/div>\n\t\t\t\t<div class=\"elementor-element elementor-element-bd25c76 elementor-widget__width-inherit elementor-hidden-desktop elementor-hidden-laptop elementor-widget elementor-widget-jet-listing-dynamic-image\" data-id=\"bd25c76\" data-element_type=\"widget\" data-widget_type=\"jet-listing-dynamic-image.default\">\n\t\t\t\t\t<div class=\"jet-listing jet-listing-dynamic-image\" ><img decoding=\"async\" width=\"1095\" height=\"800\" src=\"https:\/\/cordaestudi.com\/wp-content\/uploads\/2025\/07\/cortijodelfraile_07.jpg\" class=\"jet-listing-dynamic-image__img attachment-full size-full\" alt=\"Pla Director Mas del Frare, N\u00edjar\" srcset=\"https:\/\/cordaestudi.com\/wp-content\/uploads\/2025\/07\/cortijodelfraile_07.jpg 1095w, https:\/\/cordaestudi.com\/wp-content\/uploads\/2025\/07\/cortijodelfraile_07-300x219.jpg 300w, https:\/\/cordaestudi.com\/wp-content\/uploads\/2025\/07\/cortijodelfraile_07-1024x748.jpg 1024w, https:\/\/cordaestudi.com\/wp-content\/uploads\/2025\/07\/cortijodelfraile_07-768x561.jpg 768w\" sizes=\"(max-width: 1095px) 100vw, 1095px\" loading=\"eager\" \/><\/div>\t\t\t\t<\/div>\n\t\t\t\t<\/div>\n\t\t\t\t<\/div>\n\t\t<\/div><div class=\"jet-listing-grid__item jet-listing-dynamic-post-1065 jet-equal-columns\" data-post-id=\"1065\"  >\t\t<div data-elementor-type=\"jet-listing-items\" data-elementor-id=\"665\" class=\"elementor elementor-665\" data-elementor-post-type=\"jet-engine\">\n\t\t\t\t<div class=\"elementor-element elementor-element-62bcb29 e-con-full e-flex e-con e-parent\" data-id=\"62bcb29\" data-element_type=\"container\" data-settings=\"{&quot;jet_parallax_layout_list&quot;:[]}\">\n\t\t\t\t<div class=\"elementor-element elementor-element-f75758f elementor-widget__width-inherit elementor-absolute elementor-hidden-tablet elementor-hidden-mobile elementor-widget elementor-widget-jet-listing-dynamic-image\" data-id=\"f75758f\" data-element_type=\"widget\" data-settings=\"{&quot;_position&quot;:&quot;absolute&quot;}\" data-widget_type=\"jet-listing-dynamic-image.default\">\n\t\t\t\t\t<div class=\"jet-listing jet-listing-dynamic-image\" ><img decoding=\"async\" width=\"1095\" height=\"800\" src=\"https:\/\/cordaestudi.com\/wp-content\/uploads\/2025\/07\/cortijodelfraile_08.jpg\" class=\"jet-listing-dynamic-image__img attachment-full size-full\" alt=\"Pla Director Mas del Frare, N\u00edjar\" srcset=\"https:\/\/cordaestudi.com\/wp-content\/uploads\/2025\/07\/cortijodelfraile_08.jpg 1095w, https:\/\/cordaestudi.com\/wp-content\/uploads\/2025\/07\/cortijodelfraile_08-300x219.jpg 300w, https:\/\/cordaestudi.com\/wp-content\/uploads\/2025\/07\/cortijodelfraile_08-1024x748.jpg 1024w, https:\/\/cordaestudi.com\/wp-content\/uploads\/2025\/07\/cortijodelfraile_08-768x561.jpg 768w\" sizes=\"(max-width: 1095px) 100vw, 1095px\" loading=\"eager\" \/><\/div>\t\t\t\t<\/div>\n\t\t\t\t<div class=\"elementor-element elementor-element-bd25c76 elementor-widget__width-inherit elementor-hidden-desktop elementor-hidden-laptop elementor-widget elementor-widget-jet-listing-dynamic-image\" data-id=\"bd25c76\" data-element_type=\"widget\" data-widget_type=\"jet-listing-dynamic-image.default\">\n\t\t\t\t\t<div class=\"jet-listing jet-listing-dynamic-image\" ><img decoding=\"async\" width=\"1095\" height=\"800\" src=\"https:\/\/cordaestudi.com\/wp-content\/uploads\/2025\/07\/cortijodelfraile_08.jpg\" class=\"jet-listing-dynamic-image__img attachment-full size-full\" alt=\"Pla Director Mas del Frare, N\u00edjar\" srcset=\"https:\/\/cordaestudi.com\/wp-content\/uploads\/2025\/07\/cortijodelfraile_08.jpg 1095w, https:\/\/cordaestudi.com\/wp-content\/uploads\/2025\/07\/cortijodelfraile_08-300x219.jpg 300w, https:\/\/cordaestudi.com\/wp-content\/uploads\/2025\/07\/cortijodelfraile_08-1024x748.jpg 1024w, https:\/\/cordaestudi.com\/wp-content\/uploads\/2025\/07\/cortijodelfraile_08-768x561.jpg 768w\" sizes=\"(max-width: 1095px) 100vw, 1095px\" loading=\"eager\" \/><\/div>\t\t\t\t<\/div>\n\t\t\t\t<\/div>\n\t\t\t\t<\/div>\n\t\t<\/div><\/div><\/div><\/div>\t\t\t\t<\/div>\n\t\t\t\t<\/div>\n\t\t\t\t<\/div>\n\t\t<\/div><\/div><\/div>\t\t\t\t<\/div>\n\t\t\t\t<div class=\"elementor-element elementor-element-f1b6414 elementor-widget__width-inherit elementor-hidden-desktop elementor-hidden-laptop elementor-widget elementor-widget-jet-listing-grid\" data-id=\"f1b6414\" data-element_type=\"widget\" id=\"proyectos_mobile\" data-settings=\"{&quot;columns&quot;:&quot;1&quot;}\" data-widget_type=\"jet-listing-grid.default\">\n\t\t\t\t\t<div class=\"jet-listing-grid jet-listing\"><div class=\"jet-listing-grid__items grid-col-desk-1 grid-col-tablet-1 grid-col-mobile-1 jet-listing-grid--883\" data-queried-id=\"1133|WP_Post\" data-nav=\"{&quot;enabled&quot;:false,&quot;type&quot;:null,&quot;more_el&quot;:null,&quot;query&quot;:[],&quot;widget_settings&quot;:{&quot;lisitng_id&quot;:883,&quot;posts_num&quot;:1,&quot;columns&quot;:1,&quot;columns_tablet&quot;:1,&quot;columns_mobile&quot;:1,&quot;column_min_width&quot;:240,&quot;column_min_width_tablet&quot;:240,&quot;column_min_width_mobile&quot;:240,&quot;inline_columns_css&quot;:false,&quot;is_archive_template&quot;:&quot;&quot;,&quot;post_status&quot;:[&quot;publish&quot;],&quot;use_random_posts_num&quot;:&quot;&quot;,&quot;max_posts_num&quot;:9,&quot;not_found_message&quot;:&quot;No data was found&quot;,&quot;is_masonry&quot;:false,&quot;equal_columns_height&quot;:&quot;&quot;,&quot;use_load_more&quot;:&quot;&quot;,&quot;load_more_id&quot;:&quot;&quot;,&quot;load_more_type&quot;:&quot;click&quot;,&quot;load_more_offset&quot;:{&quot;unit&quot;:&quot;px&quot;,&quot;size&quot;:0,&quot;sizes&quot;:[]},&quot;use_custom_post_types&quot;:&quot;&quot;,&quot;custom_post_types&quot;:[],&quot;hide_widget_if&quot;:&quot;&quot;,&quot;carousel_enabled&quot;:&quot;&quot;,&quot;slides_to_scroll&quot;:&quot;1&quot;,&quot;arrows&quot;:&quot;true&quot;,&quot;arrow_icon&quot;:&quot;fa fa-angle-left&quot;,&quot;dots&quot;:&quot;true&quot;,&quot;autoplay&quot;:&quot;true&quot;,&quot;pause_on_hover&quot;:&quot;true&quot;,&quot;autoplay_speed&quot;:5000,&quot;infinite&quot;:&quot;true&quot;,&quot;center_mode&quot;:&quot;&quot;,&quot;effect&quot;:&quot;slide&quot;,&quot;speed&quot;:500,&quot;inject_alternative_items&quot;:&quot;&quot;,&quot;injection_items&quot;:[{&quot;_id&quot;:&quot;596941e&quot;,&quot;item&quot;:&quot;683&quot;,&quot;inject_once&quot;:&quot;yes&quot;,&quot;static_item&quot;:&quot;yes&quot;}],&quot;scroll_slider_enabled&quot;:&quot;&quot;,&quot;scroll_slider_on&quot;:[&quot;desktop&quot;,&quot;tablet&quot;,&quot;mobile&quot;],&quot;custom_query&quot;:false,&quot;custom_query_id&quot;:&quot;&quot;,&quot;_element_id&quot;:&quot;proyectos_mobile&quot;,&quot;collapse_first_last_gap&quot;:false,&quot;list_tag_selection&quot;:&quot;&quot;,&quot;list_items_wrapper_tag&quot;:&quot;div&quot;,&quot;list_item_tag&quot;:&quot;div&quot;,&quot;empty_items_wrapper_tag&quot;:&quot;div&quot;}}\" data-page=\"1\" data-pages=\"10\" data-listing-source=\"posts\" data-listing-id=\"883\" data-query-id=\"\"><div class=\"jet-listing-grid__item jet-listing-dynamic-post-1065\" data-post-id=\"1065\"  >\t\t<div data-elementor-type=\"jet-listing-items\" data-elementor-id=\"883\" class=\"elementor elementor-883\" data-elementor-post-type=\"jet-engine\">\n\t\t\t\t<div class=\"elementor-element elementor-element-f14f3ae e-con-full e-flex e-con e-parent\" data-id=\"f14f3ae\" data-element_type=\"container\" data-settings=\"{&quot;jet_parallax_layout_list&quot;:[]}\">\n\t\t\t\t<div class=\"elementor-element elementor-element-fa24696 elementor-widget elementor-widget-jet-listing-grid\" data-id=\"fa24696\" data-element_type=\"widget\" data-settings=\"{&quot;columns&quot;:&quot;1&quot;}\" data-widget_type=\"jet-listing-grid.default\">\n\t\t\t\t\t<div class=\"jet-listing-grid jet-listing\"><div class=\"jet-listing-grid__items grid-col-desk-1 grid-col-tablet-1 grid-col-mobile-1 jet-listing-grid--665 jet-equal-columns__wrapper grid-collapse-gap\" data-queried-id=\"1065|WP_Post\" data-nav=\"{&quot;enabled&quot;:false,&quot;type&quot;:null,&quot;more_el&quot;:null,&quot;query&quot;:[],&quot;widget_settings&quot;:{&quot;lisitng_id&quot;:665,&quot;posts_num&quot;:32,&quot;columns&quot;:1,&quot;columns_tablet&quot;:1,&quot;columns_mobile&quot;:1,&quot;column_min_width&quot;:240,&quot;column_min_width_tablet&quot;:240,&quot;column_min_width_mobile&quot;:240,&quot;inline_columns_css&quot;:false,&quot;is_archive_template&quot;:&quot;&quot;,&quot;post_status&quot;:[&quot;publish&quot;],&quot;use_random_posts_num&quot;:&quot;&quot;,&quot;max_posts_num&quot;:9,&quot;not_found_message&quot;:&quot;No data was found&quot;,&quot;is_masonry&quot;:false,&quot;equal_columns_height&quot;:&quot;yes&quot;,&quot;use_load_more&quot;:&quot;&quot;,&quot;load_more_id&quot;:&quot;&quot;,&quot;load_more_type&quot;:&quot;click&quot;,&quot;load_more_offset&quot;:{&quot;unit&quot;:&quot;px&quot;,&quot;size&quot;:0,&quot;sizes&quot;:[]},&quot;use_custom_post_types&quot;:&quot;&quot;,&quot;custom_post_types&quot;:[&quot;proyecto&quot;],&quot;hide_widget_if&quot;:&quot;&quot;,&quot;carousel_enabled&quot;:&quot;&quot;,&quot;slides_to_scroll&quot;:&quot;1&quot;,&quot;arrows&quot;:&quot;true&quot;,&quot;arrow_icon&quot;:&quot;fa fa-angle-left&quot;,&quot;dots&quot;:&quot;true&quot;,&quot;autoplay&quot;:&quot;true&quot;,&quot;pause_on_hover&quot;:&quot;true&quot;,&quot;autoplay_speed&quot;:5000,&quot;infinite&quot;:&quot;true&quot;,&quot;center_mode&quot;:&quot;&quot;,&quot;effect&quot;:&quot;slide&quot;,&quot;speed&quot;:500,&quot;inject_alternative_items&quot;:&quot;yes&quot;,&quot;injection_items&quot;:[{&quot;_id&quot;:&quot;b98fc80&quot;,&quot;item&quot;:&quot;661&quot;,&quot;inject_once&quot;:&quot;yes&quot;,&quot;static_item&quot;:&quot;yes&quot;}],&quot;scroll_slider_enabled&quot;:&quot;&quot;,&quot;scroll_slider_on&quot;:[&quot;desktop&quot;,&quot;tablet&quot;,&quot;mobile&quot;],&quot;custom_query&quot;:false,&quot;custom_query_id&quot;:&quot;&quot;,&quot;_element_id&quot;:&quot;&quot;,&quot;collapse_first_last_gap&quot;:&quot;true&quot;,&quot;list_tag_selection&quot;:&quot;&quot;,&quot;list_items_wrapper_tag&quot;:&quot;div&quot;,&quot;list_item_tag&quot;:&quot;div&quot;,&quot;empty_items_wrapper_tag&quot;:&quot;div&quot;}}\" data-page=\"1\" data-pages=\"1\" data-listing-source=\"repeater\" data-listing-id=\"665\" data-query-id=\"\"><div class=\"jet-listing-grid__item jet-listing-dynamic-post-1065 jet-equal-columns\" data-post-id=\"1065\"  >\t\t<div data-elementor-type=\"jet-listing-items\" data-elementor-id=\"665\" class=\"elementor elementor-665\" data-elementor-post-type=\"jet-engine\">\n\t\t\t\t<div class=\"elementor-element elementor-element-62bcb29 e-con-full e-flex e-con e-parent\" data-id=\"62bcb29\" data-element_type=\"container\" data-settings=\"{&quot;jet_parallax_layout_list&quot;:[]}\">\n\t\t\t\t<div class=\"elementor-element elementor-element-f75758f elementor-widget__width-inherit elementor-absolute elementor-hidden-tablet elementor-hidden-mobile elementor-widget elementor-widget-jet-listing-dynamic-image\" data-id=\"f75758f\" data-element_type=\"widget\" data-settings=\"{&quot;_position&quot;:&quot;absolute&quot;}\" data-widget_type=\"jet-listing-dynamic-image.default\">\n\t\t\t\t\t<div class=\"jet-listing jet-listing-dynamic-image\" ><img fetchpriority=\"high\" decoding=\"async\" width=\"1095\" height=\"800\" src=\"https:\/\/cordaestudi.com\/wp-content\/uploads\/2025\/07\/cortijodelfraile_01.jpg\" class=\"jet-listing-dynamic-image__img attachment-full size-full\" alt=\"Pla Director Mas del Frare, N\u00edjar\" srcset=\"https:\/\/cordaestudi.com\/wp-content\/uploads\/2025\/07\/cortijodelfraile_01.jpg 1095w, https:\/\/cordaestudi.com\/wp-content\/uploads\/2025\/07\/cortijodelfraile_01-300x219.jpg 300w, https:\/\/cordaestudi.com\/wp-content\/uploads\/2025\/07\/cortijodelfraile_01-1024x748.jpg 1024w, https:\/\/cordaestudi.com\/wp-content\/uploads\/2025\/07\/cortijodelfraile_01-768x561.jpg 768w\" sizes=\"(max-width: 1095px) 100vw, 1095px\" loading=\"eager\" \/><\/div>\t\t\t\t<\/div>\n\t\t\t\t<div class=\"elementor-element elementor-element-bd25c76 elementor-widget__width-inherit elementor-hidden-desktop elementor-hidden-laptop elementor-widget elementor-widget-jet-listing-dynamic-image\" data-id=\"bd25c76\" data-element_type=\"widget\" data-widget_type=\"jet-listing-dynamic-image.default\">\n\t\t\t\t\t<div class=\"jet-listing jet-listing-dynamic-image\" ><img fetchpriority=\"high\" decoding=\"async\" width=\"1095\" height=\"800\" src=\"https:\/\/cordaestudi.com\/wp-content\/uploads\/2025\/07\/cortijodelfraile_01.jpg\" class=\"jet-listing-dynamic-image__img attachment-full size-full\" alt=\"Pla Director Mas del Frare, N\u00edjar\" srcset=\"https:\/\/cordaestudi.com\/wp-content\/uploads\/2025\/07\/cortijodelfraile_01.jpg 1095w, https:\/\/cordaestudi.com\/wp-content\/uploads\/2025\/07\/cortijodelfraile_01-300x219.jpg 300w, https:\/\/cordaestudi.com\/wp-content\/uploads\/2025\/07\/cortijodelfraile_01-1024x748.jpg 1024w, https:\/\/cordaestudi.com\/wp-content\/uploads\/2025\/07\/cortijodelfraile_01-768x561.jpg 768w\" sizes=\"(max-width: 1095px) 100vw, 1095px\" loading=\"eager\" \/><\/div>\t\t\t\t<\/div>\n\t\t\t\t<\/div>\n\t\t\t\t<\/div>\n\t\t<\/div><div class=\"jet-listing-grid__item jet-listing-dynamic-post-1065 jet-equal-columns\" data-post-id=\"1065\" >\t\t<div data-elementor-type=\"jet-listing-items\" data-elementor-id=\"661\" class=\"elementor elementor-661\" data-elementor-post-type=\"jet-engine\">\n\t\t\t\t<div class=\"elementor-element elementor-element-e742cfa e-con-full e-flex e-con e-parent\" data-id=\"e742cfa\" data-element_type=\"container\" data-settings=\"{&quot;jet_parallax_layout_list&quot;:[]}\">\n\t\t\t\t<div class=\"elementor-element elementor-element-bb08857 elementor-widget elementor-widget-heading\" data-id=\"bb08857\" data-element_type=\"widget\" data-widget_type=\"heading.default\">\n\t\t\t\t\t<h2 class=\"elementor-heading-title elementor-size-default\">Pla Director Mas del Frare, N\u00edjar<\/h2>\t\t\t\t<\/div>\n\t\t\t\t<div class=\"elementor-element elementor-element-b475275 elementor-widget elementor-widget-heading\" data-id=\"b475275\" data-element_type=\"widget\" data-widget_type=\"heading.default\">\n\t\t\t\t\t<div class=\"elementor-heading-title elementor-size-default\">Projecte de posada en valor patrimonial, paisatg\u00edstica i hist\u00f2rica d'un dels mass m\u00e9s emblem\u00e0tics d'Almeria.<\/div>\t\t\t\t<\/div>\n\t\t<div class=\"elementor-element elementor-element-894530b e-con-full e-flex e-con e-child\" data-id=\"894530b\" data-element_type=\"container\" data-settings=\"{&quot;background_background&quot;:&quot;classic&quot;,&quot;jet_parallax_layout_list&quot;:[]}\">\n\t\t\t\t<\/div>\n\t\t<div class=\"elementor-element elementor-element-5acc12f e-con-full e-flex e-con e-child\" data-id=\"5acc12f\" data-element_type=\"container\" data-settings=\"{&quot;jet_parallax_layout_list&quot;:[]}\">\n\t\t\t\t<div class=\"elementor-element elementor-element-e61f54f elementor-widget elementor-widget-heading\" data-id=\"e61f54f\" data-element_type=\"widget\" data-widget_type=\"heading.default\">\n\t\t\t\t\t<div class=\"elementor-heading-title elementor-size-default\">N\u00edjar, Almeria<\/div>\t\t\t\t<\/div>\n\t\t\t\t<div class=\"elementor-element elementor-element-1525bf9 elementor-widget elementor-widget-heading\" data-id=\"1525bf9\" data-element_type=\"widget\" data-widget_type=\"heading.default\">\n\t\t\t\t\t<div class=\"elementor-heading-title elementor-size-default\">Diputaci\u00f3 d'Almeria - 2024<\/div>\t\t\t\t<\/div>\n\t\t<div class=\"elementor-element elementor-element-ee94a46 e-con-full e-flex e-con e-child\" data-id=\"ee94a46\" data-element_type=\"container\" data-settings=\"{&quot;jet_parallax_layout_list&quot;:[]}\">\n\t\t\t\t<div class=\"elementor-element elementor-element-6ed58fe elementor-hidden-desktop elementor-hidden-laptop elementor-hidden-tablet elementor-widget elementor-widget-heading\" data-id=\"6ed58fe\" data-element_type=\"widget\" data-widget_type=\"heading.default\">\n\t\t\t\t\t<h4 class=\"elementor-heading-title elementor-size-default\">Equipo<\/h4>\t\t\t\t<\/div>\n\t\t\t\t<\/div>\n\t\t\t\t<\/div>\n\t\t<div class=\"elementor-element elementor-element-7917d70 e-con-full e-flex e-con e-child\" data-id=\"7917d70\" data-element_type=\"container\" data-settings=\"{&quot;background_background&quot;:&quot;classic&quot;,&quot;jet_parallax_layout_list&quot;:[]}\">\n\t\t\t\t<\/div>\n\t\t\t\t<div class=\"elementor-element elementor-element-e786b59 elementor-widget elementor-widget-jet-listing-dynamic-field\" data-id=\"e786b59\" data-element_type=\"widget\" data-widget_type=\"jet-listing-dynamic-field.default\">\n\t\t\t\t\t<div class=\"jet-listing jet-listing-dynamic-field display-inline\"><div class=\"jet-listing-dynamic-field__inline-wrap\"><div class=\"jet-listing-dynamic-field__content\">\n<p>A la conca del Hornillo, dins el terme municipal de N\u00edjar, hi ha un dels mas m\u00e9s significatius de tota la prov\u00edncia d&#8217;Almeria pel seu simbolisme, hist\u00f2ria i valors. El Cortijo del Fraile est\u00e0 envoltat de turons i situat al costat de la canyada del mateix nom, en un paisatge \u00e0rid de terres volc\u00e0niques marcat per l&#8217;antiga activitat minera vinculada a l&#8217;explotaci\u00f3 d&#8217;or a Rodalquilar. <\/p>\n\n<p><br\/>Aquest mas, de grans dimensions, destaca per la singularitat, la fa\u00e7ana sud-oest ic\u00f2nica i la construcci\u00f3 planificada al servei d&#8217;una gran propietat agr\u00edcola. El conjunt inclou espais residencials i productius, amb estades per a treballadors, corrals, graners i aljubs. M\u00e9s enll\u00e0 del seu valor arquitect\u00f2nic, el lloc \u00e9s conegut per ser escenari del Crim de N\u00edjar de 1928, font d&#8217;inspiraci\u00f3 per a Carmen de Burgos (Punyal de Claveles) i Federico Garc\u00eda Lorca (Cases de Sang), aix\u00ed com escenari literari per a Juan Goytisolo (Camps de N\u00edjar).<\/p>\n\n<p><br\/>La Diputaci\u00f3 d&#8217;Almeria promou aquest Pla Director com a document ambici\u00f3s que busca preservar el conjunt i el seu entorn, dotant-lo d&#8217;un nou \u00fas cultural i patrimonial per a la ciutadania.<\/p>\n<\/div><\/div><\/div>\t\t\t\t<\/div>\n\t\t\t\t<\/div>\n\t\t\t\t<\/div>\n\t\t<\/div><div class=\"jet-listing-grid__item jet-listing-dynamic-post-1065 jet-equal-columns\" data-post-id=\"1065\"  >\t\t<div data-elementor-type=\"jet-listing-items\" data-elementor-id=\"665\" class=\"elementor elementor-665\" data-elementor-post-type=\"jet-engine\">\n\t\t\t\t<div class=\"elementor-element elementor-element-62bcb29 e-con-full e-flex e-con e-parent\" data-id=\"62bcb29\" data-element_type=\"container\" data-settings=\"{&quot;jet_parallax_layout_list&quot;:[]}\">\n\t\t\t\t<div class=\"elementor-element elementor-element-f75758f elementor-widget__width-inherit elementor-absolute elementor-hidden-tablet elementor-hidden-mobile elementor-widget elementor-widget-jet-listing-dynamic-image\" data-id=\"f75758f\" data-element_type=\"widget\" data-settings=\"{&quot;_position&quot;:&quot;absolute&quot;}\" data-widget_type=\"jet-listing-dynamic-image.default\">\n\t\t\t\t\t<div class=\"jet-listing jet-listing-dynamic-image\" ><img decoding=\"async\" width=\"1095\" height=\"800\" src=\"https:\/\/cordaestudi.com\/wp-content\/uploads\/2025\/07\/cortijodelfraile_02.jpg\" class=\"jet-listing-dynamic-image__img attachment-full size-full\" alt=\"Pla Director Mas del Frare, N\u00edjar\" srcset=\"https:\/\/cordaestudi.com\/wp-content\/uploads\/2025\/07\/cortijodelfraile_02.jpg 1095w, https:\/\/cordaestudi.com\/wp-content\/uploads\/2025\/07\/cortijodelfraile_02-300x219.jpg 300w, https:\/\/cordaestudi.com\/wp-content\/uploads\/2025\/07\/cortijodelfraile_02-1024x748.jpg 1024w, https:\/\/cordaestudi.com\/wp-content\/uploads\/2025\/07\/cortijodelfraile_02-768x561.jpg 768w\" sizes=\"(max-width: 1095px) 100vw, 1095px\" loading=\"eager\" \/><\/div>\t\t\t\t<\/div>\n\t\t\t\t<div class=\"elementor-element elementor-element-bd25c76 elementor-widget__width-inherit elementor-hidden-desktop elementor-hidden-laptop elementor-widget elementor-widget-jet-listing-dynamic-image\" data-id=\"bd25c76\" data-element_type=\"widget\" data-widget_type=\"jet-listing-dynamic-image.default\">\n\t\t\t\t\t<div class=\"jet-listing jet-listing-dynamic-image\" ><img decoding=\"async\" width=\"1095\" height=\"800\" src=\"https:\/\/cordaestudi.com\/wp-content\/uploads\/2025\/07\/cortijodelfraile_02.jpg\" class=\"jet-listing-dynamic-image__img attachment-full size-full\" alt=\"Pla Director Mas del Frare, N\u00edjar\" srcset=\"https:\/\/cordaestudi.com\/wp-content\/uploads\/2025\/07\/cortijodelfraile_02.jpg 1095w, https:\/\/cordaestudi.com\/wp-content\/uploads\/2025\/07\/cortijodelfraile_02-300x219.jpg 300w, https:\/\/cordaestudi.com\/wp-content\/uploads\/2025\/07\/cortijodelfraile_02-1024x748.jpg 1024w, https:\/\/cordaestudi.com\/wp-content\/uploads\/2025\/07\/cortijodelfraile_02-768x561.jpg 768w\" sizes=\"(max-width: 1095px) 100vw, 1095px\" loading=\"eager\" \/><\/div>\t\t\t\t<\/div>\n\t\t\t\t<\/div>\n\t\t\t\t<\/div>\n\t\t<\/div><div class=\"jet-listing-grid__item jet-listing-dynamic-post-1065 jet-equal-columns\" data-post-id=\"1065\"  >\t\t<div data-elementor-type=\"jet-listing-items\" data-elementor-id=\"665\" class=\"elementor elementor-665\" data-elementor-post-type=\"jet-engine\">\n\t\t\t\t<div class=\"elementor-element elementor-element-62bcb29 e-con-full e-flex e-con e-parent\" data-id=\"62bcb29\" data-element_type=\"container\" data-settings=\"{&quot;jet_parallax_layout_list&quot;:[]}\">\n\t\t\t\t<div class=\"elementor-element elementor-element-f75758f elementor-widget__width-inherit elementor-absolute elementor-hidden-tablet elementor-hidden-mobile elementor-widget elementor-widget-jet-listing-dynamic-image\" data-id=\"f75758f\" data-element_type=\"widget\" data-settings=\"{&quot;_position&quot;:&quot;absolute&quot;}\" data-widget_type=\"jet-listing-dynamic-image.default\">\n\t\t\t\t\t<div class=\"jet-listing jet-listing-dynamic-image\" ><img decoding=\"async\" width=\"1095\" height=\"800\" src=\"https:\/\/cordaestudi.com\/wp-content\/uploads\/2025\/07\/cortijodelfraile_03.jpg\" class=\"jet-listing-dynamic-image__img attachment-full size-full\" alt=\"Pla Director Mas del Frare, N\u00edjar\" srcset=\"https:\/\/cordaestudi.com\/wp-content\/uploads\/2025\/07\/cortijodelfraile_03.jpg 1095w, https:\/\/cordaestudi.com\/wp-content\/uploads\/2025\/07\/cortijodelfraile_03-300x219.jpg 300w, https:\/\/cordaestudi.com\/wp-content\/uploads\/2025\/07\/cortijodelfraile_03-1024x748.jpg 1024w, https:\/\/cordaestudi.com\/wp-content\/uploads\/2025\/07\/cortijodelfraile_03-768x561.jpg 768w\" sizes=\"(max-width: 1095px) 100vw, 1095px\" loading=\"eager\" \/><\/div>\t\t\t\t<\/div>\n\t\t\t\t<div class=\"elementor-element elementor-element-bd25c76 elementor-widget__width-inherit elementor-hidden-desktop elementor-hidden-laptop elementor-widget elementor-widget-jet-listing-dynamic-image\" data-id=\"bd25c76\" data-element_type=\"widget\" data-widget_type=\"jet-listing-dynamic-image.default\">\n\t\t\t\t\t<div class=\"jet-listing jet-listing-dynamic-image\" ><img decoding=\"async\" width=\"1095\" height=\"800\" src=\"https:\/\/cordaestudi.com\/wp-content\/uploads\/2025\/07\/cortijodelfraile_03.jpg\" class=\"jet-listing-dynamic-image__img attachment-full size-full\" alt=\"Pla Director Mas del Frare, N\u00edjar\" srcset=\"https:\/\/cordaestudi.com\/wp-content\/uploads\/2025\/07\/cortijodelfraile_03.jpg 1095w, https:\/\/cordaestudi.com\/wp-content\/uploads\/2025\/07\/cortijodelfraile_03-300x219.jpg 300w, https:\/\/cordaestudi.com\/wp-content\/uploads\/2025\/07\/cortijodelfraile_03-1024x748.jpg 1024w, https:\/\/cordaestudi.com\/wp-content\/uploads\/2025\/07\/cortijodelfraile_03-768x561.jpg 768w\" sizes=\"(max-width: 1095px) 100vw, 1095px\" loading=\"eager\" \/><\/div>\t\t\t\t<\/div>\n\t\t\t\t<\/div>\n\t\t\t\t<\/div>\n\t\t<\/div><div class=\"jet-listing-grid__item jet-listing-dynamic-post-1065 jet-equal-columns\" data-post-id=\"1065\"  >\t\t<div data-elementor-type=\"jet-listing-items\" data-elementor-id=\"665\" class=\"elementor elementor-665\" data-elementor-post-type=\"jet-engine\">\n\t\t\t\t<div class=\"elementor-element elementor-element-62bcb29 e-con-full e-flex e-con e-parent\" data-id=\"62bcb29\" data-element_type=\"container\" data-settings=\"{&quot;jet_parallax_layout_list&quot;:[]}\">\n\t\t\t\t<div class=\"elementor-element elementor-element-f75758f elementor-widget__width-inherit elementor-absolute elementor-hidden-tablet elementor-hidden-mobile elementor-widget elementor-widget-jet-listing-dynamic-image\" data-id=\"f75758f\" data-element_type=\"widget\" data-settings=\"{&quot;_position&quot;:&quot;absolute&quot;}\" data-widget_type=\"jet-listing-dynamic-image.default\">\n\t\t\t\t\t<div class=\"jet-listing jet-listing-dynamic-image\" ><img decoding=\"async\" width=\"1095\" height=\"800\" src=\"https:\/\/cordaestudi.com\/wp-content\/uploads\/2025\/07\/cortijodelfraile_04.jpg\" class=\"jet-listing-dynamic-image__img attachment-full size-full\" alt=\"Pla Director Mas del Frare, N\u00edjar\" srcset=\"https:\/\/cordaestudi.com\/wp-content\/uploads\/2025\/07\/cortijodelfraile_04.jpg 1095w, https:\/\/cordaestudi.com\/wp-content\/uploads\/2025\/07\/cortijodelfraile_04-300x219.jpg 300w, https:\/\/cordaestudi.com\/wp-content\/uploads\/2025\/07\/cortijodelfraile_04-1024x748.jpg 1024w, https:\/\/cordaestudi.com\/wp-content\/uploads\/2025\/07\/cortijodelfraile_04-768x561.jpg 768w\" sizes=\"(max-width: 1095px) 100vw, 1095px\" loading=\"eager\" \/><\/div>\t\t\t\t<\/div>\n\t\t\t\t<div class=\"elementor-element elementor-element-bd25c76 elementor-widget__width-inherit elementor-hidden-desktop elementor-hidden-laptop elementor-widget elementor-widget-jet-listing-dynamic-image\" data-id=\"bd25c76\" data-element_type=\"widget\" data-widget_type=\"jet-listing-dynamic-image.default\">\n\t\t\t\t\t<div class=\"jet-listing jet-listing-dynamic-image\" ><img decoding=\"async\" width=\"1095\" height=\"800\" src=\"https:\/\/cordaestudi.com\/wp-content\/uploads\/2025\/07\/cortijodelfraile_04.jpg\" class=\"jet-listing-dynamic-image__img attachment-full size-full\" alt=\"Pla Director Mas del Frare, N\u00edjar\" srcset=\"https:\/\/cordaestudi.com\/wp-content\/uploads\/2025\/07\/cortijodelfraile_04.jpg 1095w, https:\/\/cordaestudi.com\/wp-content\/uploads\/2025\/07\/cortijodelfraile_04-300x219.jpg 300w, https:\/\/cordaestudi.com\/wp-content\/uploads\/2025\/07\/cortijodelfraile_04-1024x748.jpg 1024w, https:\/\/cordaestudi.com\/wp-content\/uploads\/2025\/07\/cortijodelfraile_04-768x561.jpg 768w\" sizes=\"(max-width: 1095px) 100vw, 1095px\" loading=\"eager\" \/><\/div>\t\t\t\t<\/div>\n\t\t\t\t<\/div>\n\t\t\t\t<\/div>\n\t\t<\/div><div class=\"jet-listing-grid__item jet-listing-dynamic-post-1065 jet-equal-columns\" data-post-id=\"1065\"  >\t\t<div data-elementor-type=\"jet-listing-items\" data-elementor-id=\"665\" class=\"elementor elementor-665\" data-elementor-post-type=\"jet-engine\">\n\t\t\t\t<div class=\"elementor-element elementor-element-62bcb29 e-con-full e-flex e-con e-parent\" data-id=\"62bcb29\" data-element_type=\"container\" data-settings=\"{&quot;jet_parallax_layout_list&quot;:[]}\">\n\t\t\t\t<div class=\"elementor-element elementor-element-f75758f elementor-widget__width-inherit elementor-absolute elementor-hidden-tablet elementor-hidden-mobile elementor-widget elementor-widget-jet-listing-dynamic-image\" data-id=\"f75758f\" data-element_type=\"widget\" data-settings=\"{&quot;_position&quot;:&quot;absolute&quot;}\" data-widget_type=\"jet-listing-dynamic-image.default\">\n\t\t\t\t\t<div class=\"jet-listing jet-listing-dynamic-image\" ><img decoding=\"async\" width=\"1095\" height=\"800\" src=\"https:\/\/cordaestudi.com\/wp-content\/uploads\/2025\/07\/cortijodelfraile_05.jpg\" class=\"jet-listing-dynamic-image__img attachment-full size-full\" alt=\"Pla Director Mas del Frare, N\u00edjar\" srcset=\"https:\/\/cordaestudi.com\/wp-content\/uploads\/2025\/07\/cortijodelfraile_05.jpg 1095w, https:\/\/cordaestudi.com\/wp-content\/uploads\/2025\/07\/cortijodelfraile_05-300x219.jpg 300w, https:\/\/cordaestudi.com\/wp-content\/uploads\/2025\/07\/cortijodelfraile_05-1024x748.jpg 1024w, https:\/\/cordaestudi.com\/wp-content\/uploads\/2025\/07\/cortijodelfraile_05-768x561.jpg 768w\" sizes=\"(max-width: 1095px) 100vw, 1095px\" loading=\"eager\" \/><\/div>\t\t\t\t<\/div>\n\t\t\t\t<div class=\"elementor-element elementor-element-bd25c76 elementor-widget__width-inherit elementor-hidden-desktop elementor-hidden-laptop elementor-widget elementor-widget-jet-listing-dynamic-image\" data-id=\"bd25c76\" data-element_type=\"widget\" data-widget_type=\"jet-listing-dynamic-image.default\">\n\t\t\t\t\t<div class=\"jet-listing jet-listing-dynamic-image\" ><img decoding=\"async\" width=\"1095\" height=\"800\" src=\"https:\/\/cordaestudi.com\/wp-content\/uploads\/2025\/07\/cortijodelfraile_05.jpg\" class=\"jet-listing-dynamic-image__img attachment-full size-full\" alt=\"Pla Director Mas del Frare, N\u00edjar\" srcset=\"https:\/\/cordaestudi.com\/wp-content\/uploads\/2025\/07\/cortijodelfraile_05.jpg 1095w, https:\/\/cordaestudi.com\/wp-content\/uploads\/2025\/07\/cortijodelfraile_05-300x219.jpg 300w, https:\/\/cordaestudi.com\/wp-content\/uploads\/2025\/07\/cortijodelfraile_05-1024x748.jpg 1024w, https:\/\/cordaestudi.com\/wp-content\/uploads\/2025\/07\/cortijodelfraile_05-768x561.jpg 768w\" sizes=\"(max-width: 1095px) 100vw, 1095px\" loading=\"eager\" \/><\/div>\t\t\t\t<\/div>\n\t\t\t\t<\/div>\n\t\t\t\t<\/div>\n\t\t<\/div><div class=\"jet-listing-grid__item jet-listing-dynamic-post-1065 jet-equal-columns\" data-post-id=\"1065\"  >\t\t<div data-elementor-type=\"jet-listing-items\" data-elementor-id=\"665\" class=\"elementor elementor-665\" data-elementor-post-type=\"jet-engine\">\n\t\t\t\t<div class=\"elementor-element elementor-element-62bcb29 e-con-full e-flex e-con e-parent\" data-id=\"62bcb29\" data-element_type=\"container\" data-settings=\"{&quot;jet_parallax_layout_list&quot;:[]}\">\n\t\t\t\t<div class=\"elementor-element elementor-element-f75758f elementor-widget__width-inherit elementor-absolute elementor-hidden-tablet elementor-hidden-mobile elementor-widget elementor-widget-jet-listing-dynamic-image\" data-id=\"f75758f\" data-element_type=\"widget\" data-settings=\"{&quot;_position&quot;:&quot;absolute&quot;}\" data-widget_type=\"jet-listing-dynamic-image.default\">\n\t\t\t\t\t<div class=\"jet-listing jet-listing-dynamic-image\" ><img decoding=\"async\" width=\"1095\" height=\"800\" src=\"https:\/\/cordaestudi.com\/wp-content\/uploads\/2025\/07\/cortijodelfraile_06.jpg\" class=\"jet-listing-dynamic-image__img attachment-full size-full\" alt=\"Pla Director Mas del Frare, N\u00edjar\" srcset=\"https:\/\/cordaestudi.com\/wp-content\/uploads\/2025\/07\/cortijodelfraile_06.jpg 1095w, https:\/\/cordaestudi.com\/wp-content\/uploads\/2025\/07\/cortijodelfraile_06-300x219.jpg 300w, https:\/\/cordaestudi.com\/wp-content\/uploads\/2025\/07\/cortijodelfraile_06-1024x748.jpg 1024w, https:\/\/cordaestudi.com\/wp-content\/uploads\/2025\/07\/cortijodelfraile_06-768x561.jpg 768w\" sizes=\"(max-width: 1095px) 100vw, 1095px\" loading=\"eager\" \/><\/div>\t\t\t\t<\/div>\n\t\t\t\t<div class=\"elementor-element elementor-element-bd25c76 elementor-widget__width-inherit elementor-hidden-desktop elementor-hidden-laptop elementor-widget elementor-widget-jet-listing-dynamic-image\" data-id=\"bd25c76\" data-element_type=\"widget\" data-widget_type=\"jet-listing-dynamic-image.default\">\n\t\t\t\t\t<div class=\"jet-listing jet-listing-dynamic-image\" ><img decoding=\"async\" width=\"1095\" height=\"800\" src=\"https:\/\/cordaestudi.com\/wp-content\/uploads\/2025\/07\/cortijodelfraile_06.jpg\" class=\"jet-listing-dynamic-image__img attachment-full size-full\" alt=\"Pla Director Mas del Frare, N\u00edjar\" srcset=\"https:\/\/cordaestudi.com\/wp-content\/uploads\/2025\/07\/cortijodelfraile_06.jpg 1095w, https:\/\/cordaestudi.com\/wp-content\/uploads\/2025\/07\/cortijodelfraile_06-300x219.jpg 300w, https:\/\/cordaestudi.com\/wp-content\/uploads\/2025\/07\/cortijodelfraile_06-1024x748.jpg 1024w, https:\/\/cordaestudi.com\/wp-content\/uploads\/2025\/07\/cortijodelfraile_06-768x561.jpg 768w\" sizes=\"(max-width: 1095px) 100vw, 1095px\" loading=\"eager\" \/><\/div>\t\t\t\t<\/div>\n\t\t\t\t<\/div>\n\t\t\t\t<\/div>\n\t\t<\/div><div class=\"jet-listing-grid__item jet-listing-dynamic-post-1065 jet-equal-columns\" data-post-id=\"1065\"  >\t\t<div data-elementor-type=\"jet-listing-items\" data-elementor-id=\"665\" class=\"elementor elementor-665\" data-elementor-post-type=\"jet-engine\">\n\t\t\t\t<div class=\"elementor-element elementor-element-62bcb29 e-con-full e-flex e-con e-parent\" data-id=\"62bcb29\" data-element_type=\"container\" data-settings=\"{&quot;jet_parallax_layout_list&quot;:[]}\">\n\t\t\t\t<div class=\"elementor-element elementor-element-f75758f elementor-widget__width-inherit elementor-absolute elementor-hidden-tablet elementor-hidden-mobile elementor-widget elementor-widget-jet-listing-dynamic-image\" data-id=\"f75758f\" data-element_type=\"widget\" data-settings=\"{&quot;_position&quot;:&quot;absolute&quot;}\" data-widget_type=\"jet-listing-dynamic-image.default\">\n\t\t\t\t\t<div class=\"jet-listing jet-listing-dynamic-image\" ><img decoding=\"async\" width=\"1095\" height=\"800\" src=\"https:\/\/cordaestudi.com\/wp-content\/uploads\/2025\/07\/cortijodelfraile_07.jpg\" class=\"jet-listing-dynamic-image__img attachment-full size-full\" alt=\"Pla Director Mas del Frare, N\u00edjar\" srcset=\"https:\/\/cordaestudi.com\/wp-content\/uploads\/2025\/07\/cortijodelfraile_07.jpg 1095w, https:\/\/cordaestudi.com\/wp-content\/uploads\/2025\/07\/cortijodelfraile_07-300x219.jpg 300w, https:\/\/cordaestudi.com\/wp-content\/uploads\/2025\/07\/cortijodelfraile_07-1024x748.jpg 1024w, https:\/\/cordaestudi.com\/wp-content\/uploads\/2025\/07\/cortijodelfraile_07-768x561.jpg 768w\" sizes=\"(max-width: 1095px) 100vw, 1095px\" loading=\"eager\" \/><\/div>\t\t\t\t<\/div>\n\t\t\t\t<div class=\"elementor-element elementor-element-bd25c76 elementor-widget__width-inherit elementor-hidden-desktop elementor-hidden-laptop elementor-widget elementor-widget-jet-listing-dynamic-image\" data-id=\"bd25c76\" data-element_type=\"widget\" data-widget_type=\"jet-listing-dynamic-image.default\">\n\t\t\t\t\t<div class=\"jet-listing jet-listing-dynamic-image\" ><img decoding=\"async\" width=\"1095\" height=\"800\" src=\"https:\/\/cordaestudi.com\/wp-content\/uploads\/2025\/07\/cortijodelfraile_07.jpg\" class=\"jet-listing-dynamic-image__img attachment-full size-full\" alt=\"Pla Director Mas del Frare, N\u00edjar\" srcset=\"https:\/\/cordaestudi.com\/wp-content\/uploads\/2025\/07\/cortijodelfraile_07.jpg 1095w, https:\/\/cordaestudi.com\/wp-content\/uploads\/2025\/07\/cortijodelfraile_07-300x219.jpg 300w, https:\/\/cordaestudi.com\/wp-content\/uploads\/2025\/07\/cortijodelfraile_07-1024x748.jpg 1024w, https:\/\/cordaestudi.com\/wp-content\/uploads\/2025\/07\/cortijodelfraile_07-768x561.jpg 768w\" sizes=\"(max-width: 1095px) 100vw, 1095px\" loading=\"eager\" \/><\/div>\t\t\t\t<\/div>\n\t\t\t\t<\/div>\n\t\t\t\t<\/div>\n\t\t<\/div><div class=\"jet-listing-grid__item jet-listing-dynamic-post-1065 jet-equal-columns\" data-post-id=\"1065\"  >\t\t<div data-elementor-type=\"jet-listing-items\" data-elementor-id=\"665\" class=\"elementor elementor-665\" data-elementor-post-type=\"jet-engine\">\n\t\t\t\t<div class=\"elementor-element elementor-element-62bcb29 e-con-full e-flex e-con e-parent\" data-id=\"62bcb29\" data-element_type=\"container\" data-settings=\"{&quot;jet_parallax_layout_list&quot;:[]}\">\n\t\t\t\t<div class=\"elementor-element elementor-element-f75758f elementor-widget__width-inherit elementor-absolute elementor-hidden-tablet elementor-hidden-mobile elementor-widget elementor-widget-jet-listing-dynamic-image\" data-id=\"f75758f\" data-element_type=\"widget\" data-settings=\"{&quot;_position&quot;:&quot;absolute&quot;}\" data-widget_type=\"jet-listing-dynamic-image.default\">\n\t\t\t\t\t<div class=\"jet-listing jet-listing-dynamic-image\" ><img decoding=\"async\" width=\"1095\" height=\"800\" src=\"https:\/\/cordaestudi.com\/wp-content\/uploads\/2025\/07\/cortijodelfraile_08.jpg\" class=\"jet-listing-dynamic-image__img attachment-full size-full\" alt=\"Pla Director Mas del Frare, N\u00edjar\" srcset=\"https:\/\/cordaestudi.com\/wp-content\/uploads\/2025\/07\/cortijodelfraile_08.jpg 1095w, https:\/\/cordaestudi.com\/wp-content\/uploads\/2025\/07\/cortijodelfraile_08-300x219.jpg 300w, https:\/\/cordaestudi.com\/wp-content\/uploads\/2025\/07\/cortijodelfraile_08-1024x748.jpg 1024w, https:\/\/cordaestudi.com\/wp-content\/uploads\/2025\/07\/cortijodelfraile_08-768x561.jpg 768w\" sizes=\"(max-width: 1095px) 100vw, 1095px\" loading=\"eager\" \/><\/div>\t\t\t\t<\/div>\n\t\t\t\t<div class=\"elementor-element elementor-element-bd25c76 elementor-widget__width-inherit elementor-hidden-desktop elementor-hidden-laptop elementor-widget elementor-widget-jet-listing-dynamic-image\" data-id=\"bd25c76\" data-element_type=\"widget\" data-widget_type=\"jet-listing-dynamic-image.default\">\n\t\t\t\t\t<div class=\"jet-listing jet-listing-dynamic-image\" ><img decoding=\"async\" width=\"1095\" height=\"800\" src=\"https:\/\/cordaestudi.com\/wp-content\/uploads\/2025\/07\/cortijodelfraile_08.jpg\" class=\"jet-listing-dynamic-image__img attachment-full size-full\" alt=\"Pla Director Mas del Frare, N\u00edjar\" srcset=\"https:\/\/cordaestudi.com\/wp-content\/uploads\/2025\/07\/cortijodelfraile_08.jpg 1095w, https:\/\/cordaestudi.com\/wp-content\/uploads\/2025\/07\/cortijodelfraile_08-300x219.jpg 300w, https:\/\/cordaestudi.com\/wp-content\/uploads\/2025\/07\/cortijodelfraile_08-1024x748.jpg 1024w, https:\/\/cordaestudi.com\/wp-content\/uploads\/2025\/07\/cortijodelfraile_08-768x561.jpg 768w\" sizes=\"(max-width: 1095px) 100vw, 1095px\" loading=\"eager\" \/><\/div>\t\t\t\t<\/div>\n\t\t\t\t<\/div>\n\t\t\t\t<\/div>\n\t\t<\/div><\/div><\/div>\t\t\t\t<\/div>\n\t\t\t\t<\/div>\n\t\t\t\t<\/div>\n\t\t<\/div><\/div><\/div>\t\t\t\t<\/div>\n\t\t\t\t<\/div>\n\t\t\t\t\t<\/div>\n\t\t\t\t<\/div>\n\t\t<div class=\"elementor-element elementor-element-49a32bd e-flex e-con-boxed e-con e-parent\" data-id=\"49a32bd\" data-element_type=\"container\" data-settings=\"{&quot;jet_parallax_layout_list&quot;:[]}\">\n\t\t\t\t\t<div class=\"e-con-inner\">\n\t\t\t\t<div class=\"elementor-element elementor-element-db49c66 elementor-widget elementor-widget-heading\" data-id=\"db49c66\" data-element_type=\"widget\" data-widget_type=\"heading.default\">\n\t\t\t\t\t<h2 class=\"elementor-heading-title elementor-size-default\">Parlem!<\/h2>\t\t\t\t<\/div>\n\t\t\t\t<div class=\"elementor-element elementor-element-1b6ea4c elementor-widget elementor-widget-text-editor\" data-id=\"1b6ea4c\" data-element_type=\"widget\" data-widget_type=\"text-editor.default\">\n\t\t\t\t\t\t\t\t\t<p>Estem disponibles per iniciar noves converses. Explica&#8217;ns la teva idea, el teu espai o el teu projecte.<\/p>\t\t\t\t\t\t\t\t<\/div>\n\t\t\t\t<div class=\"elementor-element elementor-element-8eef6cf elementor-widget elementor-widget-button\" data-id=\"8eef6cf\" data-element_type=\"widget\" data-widget_type=\"button.default\">\n\t\t\t\t\t\t\t\t\t\t<a class=\"elementor-button elementor-button-link elementor-size-sm\" href=\"https:\/\/cordaestudi.com\/ca\/contacte\/\">\n\t\t\t\t\t\t<span class=\"elementor-button-content-wrapper\">\n\t\t\t\t\t\t<span class=\"elementor-button-icon\">\n\t\t\t\t<svg xmlns=\"http:\/\/www.w3.org\/2000\/svg\" width=\"100\" height=\"100\" viewBox=\"0 0 100 100\" fill=\"none\"><path d=\"M58.3333 70.5833V53.9167H21.1667L21.0417 45.5417H58.3333V28.9167L79.1667 49.75L58.3333 70.5833Z\" fill=\"black\"><\/path><\/svg>\t\t\t<\/span>\n\t\t\t\t\t\t\t\t\t<span class=\"elementor-button-text\">CONTACTE<\/span>\n\t\t\t\t\t<\/span>\n\t\t\t\t\t<\/a>\n\t\t\t\t\t\t\t\t<\/div>\n\t\t\t\t\t<\/div>\n\t\t\t\t<\/div>\n\t\t\t\t<\/div>\n\t\t","protected":false},"excerpt":{"rendered":"<p>Filtro Proyectos Individual Plan Director Cortijo del Fraile, N\u00edjar 60 viviendas, Matar\u00f3 Regeneraci\u00f3n Urbana del Llavador, Eslida Regeneraci\u00f3n urbana de la Font de Mont\u00ed, Tales Regeneraci\u00f3n urbana de la Pla\u00e7a de L&#039;Assumpi\u00f3, La Vall D&#039;Uix\u00f3 Paseo Litoral, Punta del Hidalgo Piscina cubierta, Casar de C\u00e1ceres Plan Director Iglesia del Convento de San Sebast\u00edan, La Campana [&hellip;]<\/p>\n","protected":false},"author":1,"featured_media":0,"parent":0,"menu_order":0,"comment_status":"closed","ping_status":"closed","template":"","meta":{"footnotes":""},"class_list":["post-1133","page","type-page","status-publish","hentry"],"yoast_head":"<!-- This site is optimized with the Yoast SEO plugin v27.4 - https:\/\/yoast.com\/product\/yoast-seo-wordpress\/ -->\n<title>Projectes - Corda Estudi<\/title>\n<meta name=\"robots\" content=\"index, follow, max-snippet:-1, max-image-preview:large, max-video-preview:-1\" \/>\n<link rel=\"canonical\" href=\"https:\/\/cordaestudi.com\/ca\/projectes\/\" \/>\n<meta property=\"og:locale\" content=\"ca_ES\" \/>\n<meta property=\"og:type\" content=\"article\" \/>\n<meta property=\"og:title\" content=\"Projectes - Corda Estudi\" \/>\n<meta property=\"og:description\" content=\"Filtro Proyectos Individual Plan Director Cortijo del Fraile, N\u00edjar 60 viviendas, Matar\u00f3 Regeneraci\u00f3n Urbana del Llavador, Eslida Regeneraci\u00f3n urbana de la Font de Mont\u00ed, Tales Regeneraci\u00f3n urbana de la Pla\u00e7a de L&#039;Assumpi\u00f3, La Vall D&#039;Uix\u00f3 Paseo Litoral, Punta del Hidalgo Piscina cubierta, Casar de C\u00e1ceres Plan Director Iglesia del Convento de San Sebast\u00edan, La Campana [&hellip;]\" \/>\n<meta property=\"og:url\" content=\"https:\/\/cordaestudi.com\/ca\/projectes\/\" \/>\n<meta property=\"og:site_name\" content=\"Corda Estudi\" \/>\n<meta property=\"article:modified_time\" content=\"2026-04-29T04:37:25+00:00\" \/>\n<meta property=\"og:image\" content=\"https:\/\/cordaestudi.com\/wp-content\/uploads\/2025\/07\/cortijodelfraile_01.jpg\" \/>\n<meta name=\"twitter:card\" content=\"summary_large_image\" \/>\n<meta name=\"twitter:label1\" content=\"Est. reading time\" \/>\n\t<meta name=\"twitter:data1\" content=\"3 minuts\" \/>\n<script type=\"application\/ld+json\" class=\"yoast-schema-graph\">{\"@context\":\"https:\\\/\\\/schema.org\",\"@graph\":[{\"@type\":\"WebPage\",\"@id\":\"https:\\\/\\\/cordaestudi.com\\\/ca\\\/projectes\\\/\",\"url\":\"https:\\\/\\\/cordaestudi.com\\\/ca\\\/projectes\\\/\",\"name\":\"Projectes - Corda Estudi\",\"isPartOf\":{\"@id\":\"https:\\\/\\\/cordaestudi.com\\\/ca\\\/#website\"},\"primaryImageOfPage\":{\"@id\":\"https:\\\/\\\/cordaestudi.com\\\/ca\\\/projectes\\\/#primaryimage\"},\"image\":{\"@id\":\"https:\\\/\\\/cordaestudi.com\\\/ca\\\/projectes\\\/#primaryimage\"},\"thumbnailUrl\":\"https:\\\/\\\/cordaestudi.com\\\/wp-content\\\/uploads\\\/2025\\\/07\\\/cortijodelfraile_01.jpg\",\"datePublished\":\"2026-03-04T12:23:54+00:00\",\"dateModified\":\"2026-04-29T04:37:25+00:00\",\"breadcrumb\":{\"@id\":\"https:\\\/\\\/cordaestudi.com\\\/ca\\\/projectes\\\/#breadcrumb\"},\"inLanguage\":\"ca\",\"potentialAction\":[{\"@type\":\"ReadAction\",\"target\":[\"https:\\\/\\\/cordaestudi.com\\\/ca\\\/projectes\\\/\"]}]},{\"@type\":\"ImageObject\",\"inLanguage\":\"ca\",\"@id\":\"https:\\\/\\\/cordaestudi.com\\\/ca\\\/projectes\\\/#primaryimage\",\"url\":\"https:\\\/\\\/cordaestudi.com\\\/wp-content\\\/uploads\\\/2025\\\/07\\\/cortijodelfraile_01.jpg\",\"contentUrl\":\"https:\\\/\\\/cordaestudi.com\\\/wp-content\\\/uploads\\\/2025\\\/07\\\/cortijodelfraile_01.jpg\"},{\"@type\":\"BreadcrumbList\",\"@id\":\"https:\\\/\\\/cordaestudi.com\\\/ca\\\/projectes\\\/#breadcrumb\",\"itemListElement\":[{\"@type\":\"ListItem\",\"position\":1,\"name\":\"Portada\",\"item\":\"https:\\\/\\\/cordaestudi.com\\\/ca\\\/inici\\\/\"},{\"@type\":\"ListItem\",\"position\":2,\"name\":\"Projectes\"}]},{\"@type\":\"WebSite\",\"@id\":\"https:\\\/\\\/cordaestudi.com\\\/ca\\\/#website\",\"url\":\"https:\\\/\\\/cordaestudi.com\\\/ca\\\/\",\"name\":\"Corda Estudi\",\"description\":\"\",\"publisher\":{\"@id\":\"https:\\\/\\\/cordaestudi.com\\\/ca\\\/#organization\"},\"potentialAction\":[{\"@type\":\"SearchAction\",\"target\":{\"@type\":\"EntryPoint\",\"urlTemplate\":\"https:\\\/\\\/cordaestudi.com\\\/ca\\\/?s={search_term_string}\"},\"query-input\":{\"@type\":\"PropertyValueSpecification\",\"valueRequired\":true,\"valueName\":\"search_term_string\"}}],\"inLanguage\":\"ca\"},{\"@type\":\"Organization\",\"@id\":\"https:\\\/\\\/cordaestudi.com\\\/ca\\\/#organization\",\"name\":\"Corda Estudi\",\"url\":\"https:\\\/\\\/cordaestudi.com\\\/ca\\\/\",\"logo\":{\"@type\":\"ImageObject\",\"inLanguage\":\"ca\",\"@id\":\"https:\\\/\\\/cordaestudi.com\\\/ca\\\/#\\\/schema\\\/logo\\\/image\\\/\",\"url\":\"https:\\\/\\\/cordaestudi.com\\\/wp-content\\\/uploads\\\/2025\\\/07\\\/Corda_Estudi_negra.svg\",\"contentUrl\":\"https:\\\/\\\/cordaestudi.com\\\/wp-content\\\/uploads\\\/2025\\\/07\\\/Corda_Estudi_negra.svg\",\"width\":517,\"height\":167,\"caption\":\"Corda Estudi\"},\"image\":{\"@id\":\"https:\\\/\\\/cordaestudi.com\\\/ca\\\/#\\\/schema\\\/logo\\\/image\\\/\"},\"sameAs\":[\"https:\\\/\\\/www.instagram.com\\\/cordaestudi\\\/\"]}]}<\/script>\n<!-- \/ Yoast SEO plugin. -->","yoast_head_json":{"title":"Projectes - Corda Estudi","robots":{"index":"index","follow":"follow","max-snippet":"max-snippet:-1","max-image-preview":"max-image-preview:large","max-video-preview":"max-video-preview:-1"},"canonical":"https:\/\/cordaestudi.com\/ca\/projectes\/","og_locale":"ca_ES","og_type":"article","og_title":"Projectes - Corda Estudi","og_description":"Filtro Proyectos Individual Plan Director Cortijo del Fraile, N\u00edjar 60 viviendas, Matar\u00f3 Regeneraci\u00f3n Urbana del Llavador, Eslida Regeneraci\u00f3n urbana de la Font de Mont\u00ed, Tales Regeneraci\u00f3n urbana de la Pla\u00e7a de L&#039;Assumpi\u00f3, La Vall D&#039;Uix\u00f3 Paseo Litoral, Punta del Hidalgo Piscina cubierta, Casar de C\u00e1ceres Plan Director Iglesia del Convento de San Sebast\u00edan, La Campana [&hellip;]","og_url":"https:\/\/cordaestudi.com\/ca\/projectes\/","og_site_name":"Corda Estudi","article_modified_time":"2026-04-29T04:37:25+00:00","og_image":[{"url":"https:\/\/cordaestudi.com\/wp-content\/uploads\/2025\/07\/cortijodelfraile_01.jpg","type":"","width":"","height":""}],"twitter_card":"summary_large_image","twitter_misc":{"Est. reading time":"3 minuts"},"schema":{"@context":"https:\/\/schema.org","@graph":[{"@type":"WebPage","@id":"https:\/\/cordaestudi.com\/ca\/projectes\/","url":"https:\/\/cordaestudi.com\/ca\/projectes\/","name":"Projectes - Corda Estudi","isPartOf":{"@id":"https:\/\/cordaestudi.com\/ca\/#website"},"primaryImageOfPage":{"@id":"https:\/\/cordaestudi.com\/ca\/projectes\/#primaryimage"},"image":{"@id":"https:\/\/cordaestudi.com\/ca\/projectes\/#primaryimage"},"thumbnailUrl":"https:\/\/cordaestudi.com\/wp-content\/uploads\/2025\/07\/cortijodelfraile_01.jpg","datePublished":"2026-03-04T12:23:54+00:00","dateModified":"2026-04-29T04:37:25+00:00","breadcrumb":{"@id":"https:\/\/cordaestudi.com\/ca\/projectes\/#breadcrumb"},"inLanguage":"ca","potentialAction":[{"@type":"ReadAction","target":["https:\/\/cordaestudi.com\/ca\/projectes\/"]}]},{"@type":"ImageObject","inLanguage":"ca","@id":"https:\/\/cordaestudi.com\/ca\/projectes\/#primaryimage","url":"https:\/\/cordaestudi.com\/wp-content\/uploads\/2025\/07\/cortijodelfraile_01.jpg","contentUrl":"https:\/\/cordaestudi.com\/wp-content\/uploads\/2025\/07\/cortijodelfraile_01.jpg"},{"@type":"BreadcrumbList","@id":"https:\/\/cordaestudi.com\/ca\/projectes\/#breadcrumb","itemListElement":[{"@type":"ListItem","position":1,"name":"Portada","item":"https:\/\/cordaestudi.com\/ca\/inici\/"},{"@type":"ListItem","position":2,"name":"Projectes"}]},{"@type":"WebSite","@id":"https:\/\/cordaestudi.com\/ca\/#website","url":"https:\/\/cordaestudi.com\/ca\/","name":"Corda Estudi","description":"","publisher":{"@id":"https:\/\/cordaestudi.com\/ca\/#organization"},"potentialAction":[{"@type":"SearchAction","target":{"@type":"EntryPoint","urlTemplate":"https:\/\/cordaestudi.com\/ca\/?s={search_term_string}"},"query-input":{"@type":"PropertyValueSpecification","valueRequired":true,"valueName":"search_term_string"}}],"inLanguage":"ca"},{"@type":"Organization","@id":"https:\/\/cordaestudi.com\/ca\/#organization","name":"Corda Estudi","url":"https:\/\/cordaestudi.com\/ca\/","logo":{"@type":"ImageObject","inLanguage":"ca","@id":"https:\/\/cordaestudi.com\/ca\/#\/schema\/logo\/image\/","url":"https:\/\/cordaestudi.com\/wp-content\/uploads\/2025\/07\/Corda_Estudi_negra.svg","contentUrl":"https:\/\/cordaestudi.com\/wp-content\/uploads\/2025\/07\/Corda_Estudi_negra.svg","width":517,"height":167,"caption":"Corda Estudi"},"image":{"@id":"https:\/\/cordaestudi.com\/ca\/#\/schema\/logo\/image\/"},"sameAs":["https:\/\/www.instagram.com\/cordaestudi\/"]}]}},"_links":{"self":[{"href":"https:\/\/cordaestudi.com\/ca\/wp-json\/wp\/v2\/pages\/1133","targetHints":{"allow":["GET"]}}],"collection":[{"href":"https:\/\/cordaestudi.com\/ca\/wp-json\/wp\/v2\/pages"}],"about":[{"href":"https:\/\/cordaestudi.com\/ca\/wp-json\/wp\/v2\/types\/page"}],"author":[{"embeddable":true,"href":"https:\/\/cordaestudi.com\/ca\/wp-json\/wp\/v2\/users\/1"}],"replies":[{"embeddable":true,"href":"https:\/\/cordaestudi.com\/ca\/wp-json\/wp\/v2\/comments?post=1133"}],"version-history":[{"count":2,"href":"https:\/\/cordaestudi.com\/ca\/wp-json\/wp\/v2\/pages\/1133\/revisions"}],"predecessor-version":[{"id":1137,"href":"https:\/\/cordaestudi.com\/ca\/wp-json\/wp\/v2\/pages\/1133\/revisions\/1137"}],"wp:attachment":[{"href":"https:\/\/cordaestudi.com\/ca\/wp-json\/wp\/v2\/media?parent=1133"}],"curies":[{"name":"wp","href":"https:\/\/api.w.org\/{rel}","templated":true}]}}