{"id":1115,"date":"2025-07-04T06:51:51","date_gmt":"2025-07-04T04:51:51","guid":{"rendered":"https:\/\/cordaestudi.com\/estudi\/"},"modified":"2026-04-28T13:58:19","modified_gmt":"2026-04-28T11:58:19","slug":"estudi","status":"publish","type":"page","link":"https:\/\/cordaestudi.com\/ca\/estudi\/","title":{"rendered":"Estudi"},"content":{"rendered":"\t\t<div data-elementor-type=\"wp-page\" data-elementor-id=\"1115\" class=\"elementor elementor-1115 elementor-31\" data-elementor-post-type=\"page\">\n\t\t\t\t<div class=\"elementor-element elementor-element-41e23a1 e-con-full e-flex e-con e-parent\" data-id=\"41e23a1\" data-element_type=\"container\" id=\"next\" data-settings=\"{&quot;jet_parallax_layout_list&quot;:[]}\">\n\t\t<div class=\"elementor-element elementor-element-feb168e e-con-full e-flex e-con e-child\" data-id=\"feb168e\" data-element_type=\"container\" data-settings=\"{&quot;jet_parallax_layout_list&quot;:[]}\">\n\t\t<div class=\"elementor-element elementor-element-5a69e7b e-con-full e-flex e-con e-child\" data-id=\"5a69e7b\" data-element_type=\"container\" data-settings=\"{&quot;jet_parallax_layout_list&quot;:[]}\">\n\t\t\t\t<div class=\"elementor-element elementor-element-549f3bd elementor-widget elementor-widget-heading\" data-id=\"549f3bd\" data-element_type=\"widget\" data-widget_type=\"heading.default\">\n\t\t\t\t\t<h1 class=\"elementor-heading-title elementor-size-default\">CORDA ESTUDI<\/h1>\t\t\t\t<\/div>\n\t\t\t\t<div class=\"elementor-element elementor-element-9e37bb2 elementor-widget elementor-widget-text-editor\" data-id=\"9e37bb2\" data-element_type=\"widget\" data-widget_type=\"text-editor.default\">\n\t\t\t\t\t\t\t\t\t<p><strong>Corda Estudi<\/strong> neix de la m\u00e0 de <strong>Nat\u00e1n Quesada S\u00e1nchez <\/strong>(arquitecte per la Universitat Polit\u00e8cnica de Catalunya, 2019) i <strong>Carlos Corredera Arques<\/strong> (arquitecte per la Universitat Polit\u00e8cnica de Val\u00e8ncia, 2018), despr\u00e9s d&#8217;haver-se format i treballat en diversos estudis d&#8217;escala nacional i internacional.<\/p><p>L&#8217;any 2024 inicien aquest projecte amb una mirada compartida i l&#8217;impuls d&#8217;explorar <strong>noves maneres de fer arquitectura.<\/strong><\/p>\t\t\t\t\t\t\t\t<\/div>\n\t\t\t\t<div class=\"elementor-element elementor-element-c0df738 elementor-widget elementor-widget-heading\" data-id=\"c0df738\" data-element_type=\"widget\" data-widget_type=\"heading.default\">\n\t\t\t\t\t<h2 class=\"elementor-heading-title elementor-size-default\">PREMIS<\/h2>\t\t\t\t<\/div>\n\t\t\t\t<div class=\"elementor-element elementor-element-f730d74 elementor-widget elementor-widget-text-editor\" data-id=\"f730d74\" data-element_type=\"widget\" data-widget_type=\"text-editor.default\">\n\t\t\t\t\t\t\t\t\t<p><b>Primer premi.<\/b><span style=\"font-weight: 400;\"> Licitaci\u00f3 p\u00fablica. Diputaci\u00f3 d&#8217;Almeria.  2024  <\/span><span style=\"font-weight: 400;\">Pla Director Cortijo del Frare.<\/span><\/p><p><b>Primer premi.<\/b><span style=\"font-weight: 400;\"> Licitaci\u00f3 p\u00fablica. Ajuntament de la Campana.  2024  <\/span><span style=\"font-weight: 400;\">Pla Director Esgl\u00e9sia del Convent.<\/span><\/p><p><b>Segon premi. <\/b><span style=\"font-weight: 400;\">Licitaci\u00f3 p\u00fablica. Institut d&#8217;Astrof\u00edsica de les Can\u00e0ries.  2024  <\/span><span style=\"font-weight: 400;\">Edifici d&#8217;operacions del Cherenkov Telescope Array.<\/span><\/p><p><b>Segon premi.<\/b><span style=\"font-weight: 400;\"> Licitaci\u00f3 p\u00fablica. Cabildo de Tenerife.  2023  <\/span><span style=\"font-weight: 400;\">Condicionament del passeig litoral Punta del Hidalgo.<\/span><\/p><p><b>Segon premi.<\/b><span style=\"font-weight: 400;\"> Concurs p\u00fablic. Ajuntament d&#8217;Alajer\u00f3.  2023  <\/span><span style=\"font-weight: 400;\">Parc i aparcament a Platja de Santiago.<\/span><\/p><p><b>Tercer premi. <\/b><span style=\"font-weight: 400;\">Concurs p\u00fablic. Ajuntament Salamanca.  2022  <\/span><span style=\"font-weight: 400;\">Urbanitzaci\u00f3 de la Pla\u00e7a dels Bans.<\/span><\/p><p><b>Quart premi.<\/b><span style=\"font-weight: 400;\"> Concurs p\u00fablic. Diputaci\u00f3 Castell\u00f3.  2022  <\/span><span style=\"font-weight: 400;\">Regeneraci\u00f3 urbana de la Pla\u00e7a de l\u00b4Asunci\u00f3n i entorn de la Torre de Benizahat.<\/span><\/p><p><b>Quart premi.<\/b><span style=\"font-weight: 400;\"> Concurs p\u00fablic. Ajuntament Vilaboa.  2022  <\/span><span style=\"font-weight: 400;\">Humanitzaci\u00f3 entorn Casa do Concello (O Toural).<\/span><\/p><p><b>Segon premi.<\/b><span style=\"font-weight: 400;\"> Concurs p\u00fablic. Ajuntament de Ma\u00f3.  2022  <\/span><span style=\"font-weight: 400;\">Transformaci\u00f3 Pla\u00e7a Esplanada.<\/span><\/p><p><b>Segon premi.<\/b><span style=\"font-weight: 400;\"> Concurs p\u00fablic. INCAS\u00d2L.  2022  <\/span><span style=\"font-weight: 400;\">60 habitatges al C\/Casto M\u00e9ndez N\u00fa\u00f1ez i al C\/Germans Thos i Codina a Ronda Barcel\u00f3.<\/span><\/p>\t\t\t\t\t\t\t\t<\/div>\n\t\t\t\t<\/div>\n\t\t\t\t<\/div>\n\t\t<div class=\"elementor-element elementor-element-67a593b e-con-full e-flex e-con e-child\" data-id=\"67a593b\" data-element_type=\"container\" data-settings=\"{&quot;background_background&quot;:&quot;classic&quot;,&quot;jet_parallax_layout_list&quot;:[]}\">\n\t\t\t\t<\/div>\n\t\t\t\t<\/div>\n\t\t\t\t<\/div>\n\t\t","protected":false},"excerpt":{"rendered":"<p>CORDA ESTUDI Corda Estudi neix de la m\u00e0 de Nat\u00e1n Quesada S\u00e1nchez (arquitecte per la Universitat Polit\u00e8cnica de Catalunya, 2019) i Carlos Corredera Arques (arquitecte per la Universitat Polit\u00e8cnica de Val\u00e8ncia, 2018), despr\u00e9s d&#8217;haver-se format i treballat en diversos estudis d&#8217;escala nacional i internacional. L&#8217;any 2024 inicien aquest projecte amb una mirada compartida i l&#8217;impuls [&hellip;]<\/p>\n","protected":false},"author":1,"featured_media":1100,"parent":0,"menu_order":0,"comment_status":"closed","ping_status":"closed","template":"","meta":{"footnotes":""},"class_list":["post-1115","page","type-page","status-publish","has-post-thumbnail","hentry"],"yoast_head":"<!-- This site is optimized with the Yoast SEO plugin v27.4 - https:\/\/yoast.com\/product\/yoast-seo-wordpress\/ -->\n<title>Estudi - Corda Estudi - Estudi d\u00b4arquitectura i paisatge<\/title>\n<meta name=\"description\" content=\"Cada projecte es connecta amb lentorn, la hist\u00f2ria i la mem\u00f2ria del lloc que habita. Dissenyem espais que respecten...\" \/>\n<meta name=\"robots\" content=\"index, follow, max-snippet:-1, max-image-preview:large, max-video-preview:-1\" \/>\n<link rel=\"canonical\" href=\"https:\/\/cordaestudi.com\/ca\/estudi\/\" \/>\n<meta property=\"og:locale\" content=\"ca_ES\" \/>\n<meta property=\"og:type\" content=\"article\" \/>\n<meta property=\"og:title\" content=\"Estudi - Corda Estudi - Estudi d\u00b4arquitectura i paisatge\" \/>\n<meta property=\"og:description\" content=\"Cada projecte es connecta amb lentorn, la hist\u00f2ria i la mem\u00f2ria del lloc que habita. Dissenyem espais que respecten...\" \/>\n<meta property=\"og:url\" content=\"https:\/\/cordaestudi.com\/ca\/estudi\/\" \/>\n<meta property=\"og:site_name\" content=\"Corda Estudi\" \/>\n<meta property=\"article:modified_time\" content=\"2026-04-28T11:58:19+00:00\" \/>\n<meta property=\"og:image\" content=\"https:\/\/cordaestudi.com\/wp-content\/uploads\/2025\/07\/circulo-flecha-min.png\" \/>\n\t<meta property=\"og:image:width\" content=\"209\" \/>\n\t<meta property=\"og:image:height\" content=\"259\" \/>\n\t<meta property=\"og:image:type\" content=\"image\/png\" \/>\n<meta name=\"twitter:card\" content=\"summary_large_image\" \/>\n<meta name=\"twitter:label1\" content=\"Est. reading time\" \/>\n\t<meta name=\"twitter:data1\" content=\"1 minut\" \/>\n<script type=\"application\/ld+json\" class=\"yoast-schema-graph\">{\"@context\":\"https:\\\/\\\/schema.org\",\"@graph\":[{\"@type\":\"WebPage\",\"@id\":\"https:\\\/\\\/cordaestudi.com\\\/ca\\\/estudi\\\/\",\"url\":\"https:\\\/\\\/cordaestudi.com\\\/ca\\\/estudi\\\/\",\"name\":\"Estudi - Corda Estudi - Estudi d\u00b4arquitectura i paisatge\",\"isPartOf\":{\"@id\":\"https:\\\/\\\/cordaestudi.com\\\/ca\\\/#website\"},\"primaryImageOfPage\":{\"@id\":\"https:\\\/\\\/cordaestudi.com\\\/ca\\\/estudi\\\/#primaryimage\"},\"image\":{\"@id\":\"https:\\\/\\\/cordaestudi.com\\\/ca\\\/estudi\\\/#primaryimage\"},\"thumbnailUrl\":\"https:\\\/\\\/cordaestudi.com\\\/wp-content\\\/uploads\\\/2025\\\/07\\\/circulo-flecha-min.png\",\"datePublished\":\"2025-07-04T04:51:51+00:00\",\"dateModified\":\"2026-04-28T11:58:19+00:00\",\"description\":\"Cada projecte es connecta amb lentorn, la hist\u00f2ria i la mem\u00f2ria del lloc que habita. Dissenyem espais que respecten...\",\"breadcrumb\":{\"@id\":\"https:\\\/\\\/cordaestudi.com\\\/ca\\\/estudi\\\/#breadcrumb\"},\"inLanguage\":\"ca\",\"potentialAction\":[{\"@type\":\"ReadAction\",\"target\":[\"https:\\\/\\\/cordaestudi.com\\\/ca\\\/estudi\\\/\"]}]},{\"@type\":\"ImageObject\",\"inLanguage\":\"ca\",\"@id\":\"https:\\\/\\\/cordaestudi.com\\\/ca\\\/estudi\\\/#primaryimage\",\"url\":\"https:\\\/\\\/cordaestudi.com\\\/wp-content\\\/uploads\\\/2025\\\/07\\\/circulo-flecha-min.png\",\"contentUrl\":\"https:\\\/\\\/cordaestudi.com\\\/wp-content\\\/uploads\\\/2025\\\/07\\\/circulo-flecha-min.png\",\"width\":209,\"height\":259},{\"@type\":\"BreadcrumbList\",\"@id\":\"https:\\\/\\\/cordaestudi.com\\\/ca\\\/estudi\\\/#breadcrumb\",\"itemListElement\":[{\"@type\":\"ListItem\",\"position\":1,\"name\":\"Portada\",\"item\":\"https:\\\/\\\/cordaestudi.com\\\/ca\\\/inici\\\/\"},{\"@type\":\"ListItem\",\"position\":2,\"name\":\"Estudi\"}]},{\"@type\":\"WebSite\",\"@id\":\"https:\\\/\\\/cordaestudi.com\\\/ca\\\/#website\",\"url\":\"https:\\\/\\\/cordaestudi.com\\\/ca\\\/\",\"name\":\"Corda Estudi\",\"description\":\"\",\"publisher\":{\"@id\":\"https:\\\/\\\/cordaestudi.com\\\/ca\\\/#organization\"},\"potentialAction\":[{\"@type\":\"SearchAction\",\"target\":{\"@type\":\"EntryPoint\",\"urlTemplate\":\"https:\\\/\\\/cordaestudi.com\\\/ca\\\/?s={search_term_string}\"},\"query-input\":{\"@type\":\"PropertyValueSpecification\",\"valueRequired\":true,\"valueName\":\"search_term_string\"}}],\"inLanguage\":\"ca\"},{\"@type\":\"Organization\",\"@id\":\"https:\\\/\\\/cordaestudi.com\\\/ca\\\/#organization\",\"name\":\"Corda Estudi\",\"url\":\"https:\\\/\\\/cordaestudi.com\\\/ca\\\/\",\"logo\":{\"@type\":\"ImageObject\",\"inLanguage\":\"ca\",\"@id\":\"https:\\\/\\\/cordaestudi.com\\\/ca\\\/#\\\/schema\\\/logo\\\/image\\\/\",\"url\":\"https:\\\/\\\/cordaestudi.com\\\/wp-content\\\/uploads\\\/2025\\\/07\\\/Corda_Estudi_negra.svg\",\"contentUrl\":\"https:\\\/\\\/cordaestudi.com\\\/wp-content\\\/uploads\\\/2025\\\/07\\\/Corda_Estudi_negra.svg\",\"width\":517,\"height\":167,\"caption\":\"Corda Estudi\"},\"image\":{\"@id\":\"https:\\\/\\\/cordaestudi.com\\\/ca\\\/#\\\/schema\\\/logo\\\/image\\\/\"},\"sameAs\":[\"https:\\\/\\\/www.instagram.com\\\/cordaestudi\\\/\"]}]}<\/script>\n<!-- \/ Yoast SEO plugin. -->","yoast_head_json":{"title":"Estudi - Corda Estudi - Estudi d\u00b4arquitectura i paisatge","description":"Cada projecte es connecta amb lentorn, la hist\u00f2ria i la mem\u00f2ria del lloc que habita. Dissenyem espais que respecten...","robots":{"index":"index","follow":"follow","max-snippet":"max-snippet:-1","max-image-preview":"max-image-preview:large","max-video-preview":"max-video-preview:-1"},"canonical":"https:\/\/cordaestudi.com\/ca\/estudi\/","og_locale":"ca_ES","og_type":"article","og_title":"Estudi - Corda Estudi - Estudi d\u00b4arquitectura i paisatge","og_description":"Cada projecte es connecta amb lentorn, la hist\u00f2ria i la mem\u00f2ria del lloc que habita. Dissenyem espais que respecten...","og_url":"https:\/\/cordaestudi.com\/ca\/estudi\/","og_site_name":"Corda Estudi","article_modified_time":"2026-04-28T11:58:19+00:00","og_image":[{"width":209,"height":259,"url":"https:\/\/cordaestudi.com\/wp-content\/uploads\/2025\/07\/circulo-flecha-min.png","type":"image\/png"}],"twitter_card":"summary_large_image","twitter_misc":{"Est. reading time":"1 minut"},"schema":{"@context":"https:\/\/schema.org","@graph":[{"@type":"WebPage","@id":"https:\/\/cordaestudi.com\/ca\/estudi\/","url":"https:\/\/cordaestudi.com\/ca\/estudi\/","name":"Estudi - Corda Estudi - Estudi d\u00b4arquitectura i paisatge","isPartOf":{"@id":"https:\/\/cordaestudi.com\/ca\/#website"},"primaryImageOfPage":{"@id":"https:\/\/cordaestudi.com\/ca\/estudi\/#primaryimage"},"image":{"@id":"https:\/\/cordaestudi.com\/ca\/estudi\/#primaryimage"},"thumbnailUrl":"https:\/\/cordaestudi.com\/wp-content\/uploads\/2025\/07\/circulo-flecha-min.png","datePublished":"2025-07-04T04:51:51+00:00","dateModified":"2026-04-28T11:58:19+00:00","description":"Cada projecte es connecta amb lentorn, la hist\u00f2ria i la mem\u00f2ria del lloc que habita. Dissenyem espais que respecten...","breadcrumb":{"@id":"https:\/\/cordaestudi.com\/ca\/estudi\/#breadcrumb"},"inLanguage":"ca","potentialAction":[{"@type":"ReadAction","target":["https:\/\/cordaestudi.com\/ca\/estudi\/"]}]},{"@type":"ImageObject","inLanguage":"ca","@id":"https:\/\/cordaestudi.com\/ca\/estudi\/#primaryimage","url":"https:\/\/cordaestudi.com\/wp-content\/uploads\/2025\/07\/circulo-flecha-min.png","contentUrl":"https:\/\/cordaestudi.com\/wp-content\/uploads\/2025\/07\/circulo-flecha-min.png","width":209,"height":259},{"@type":"BreadcrumbList","@id":"https:\/\/cordaestudi.com\/ca\/estudi\/#breadcrumb","itemListElement":[{"@type":"ListItem","position":1,"name":"Portada","item":"https:\/\/cordaestudi.com\/ca\/inici\/"},{"@type":"ListItem","position":2,"name":"Estudi"}]},{"@type":"WebSite","@id":"https:\/\/cordaestudi.com\/ca\/#website","url":"https:\/\/cordaestudi.com\/ca\/","name":"Corda Estudi","description":"","publisher":{"@id":"https:\/\/cordaestudi.com\/ca\/#organization"},"potentialAction":[{"@type":"SearchAction","target":{"@type":"EntryPoint","urlTemplate":"https:\/\/cordaestudi.com\/ca\/?s={search_term_string}"},"query-input":{"@type":"PropertyValueSpecification","valueRequired":true,"valueName":"search_term_string"}}],"inLanguage":"ca"},{"@type":"Organization","@id":"https:\/\/cordaestudi.com\/ca\/#organization","name":"Corda Estudi","url":"https:\/\/cordaestudi.com\/ca\/","logo":{"@type":"ImageObject","inLanguage":"ca","@id":"https:\/\/cordaestudi.com\/ca\/#\/schema\/logo\/image\/","url":"https:\/\/cordaestudi.com\/wp-content\/uploads\/2025\/07\/Corda_Estudi_negra.svg","contentUrl":"https:\/\/cordaestudi.com\/wp-content\/uploads\/2025\/07\/Corda_Estudi_negra.svg","width":517,"height":167,"caption":"Corda Estudi"},"image":{"@id":"https:\/\/cordaestudi.com\/ca\/#\/schema\/logo\/image\/"},"sameAs":["https:\/\/www.instagram.com\/cordaestudi\/"]}]}},"_links":{"self":[{"href":"https:\/\/cordaestudi.com\/ca\/wp-json\/wp\/v2\/pages\/1115","targetHints":{"allow":["GET"]}}],"collection":[{"href":"https:\/\/cordaestudi.com\/ca\/wp-json\/wp\/v2\/pages"}],"about":[{"href":"https:\/\/cordaestudi.com\/ca\/wp-json\/wp\/v2\/types\/page"}],"author":[{"embeddable":true,"href":"https:\/\/cordaestudi.com\/ca\/wp-json\/wp\/v2\/users\/1"}],"replies":[{"embeddable":true,"href":"https:\/\/cordaestudi.com\/ca\/wp-json\/wp\/v2\/comments?post=1115"}],"version-history":[{"count":1,"href":"https:\/\/cordaestudi.com\/ca\/wp-json\/wp\/v2\/pages\/1115\/revisions"}],"predecessor-version":[{"id":1124,"href":"https:\/\/cordaestudi.com\/ca\/wp-json\/wp\/v2\/pages\/1115\/revisions\/1124"}],"wp:featuredmedia":[{"embeddable":true,"href":"https:\/\/cordaestudi.com\/ca\/wp-json\/wp\/v2\/media\/1100"}],"wp:attachment":[{"href":"https:\/\/cordaestudi.com\/ca\/wp-json\/wp\/v2\/media?parent=1115"}],"curies":[{"name":"wp","href":"https:\/\/api.w.org\/{rel}","templated":true}]}}